{"id":47980,"date":"2026-03-26T22:54:45","date_gmt":"2026-03-26T21:54:45","guid":{"rendered":"https:\/\/iffartfilm.com\/?page_id=47980"},"modified":"2026-04-17T12:38:45","modified_gmt":"2026-04-17T10:38:45","slug":"edition-2025","status":"publish","type":"page","link":"https:\/\/iffartfilm.com\/en\/festival\/previous-editions\/edition-2025\/","title":{"rendered":"31st Edition (2025)"},"content":{"rendered":"<div class=\"wpb-content-wrapper\"><p>[vc_row][vc_column][vc_column_text css=&#8221;&#8221;]<\/p>\n<h1>31st edition with a newly introduced award<\/h1>\n<p>[\/vc_column_text][vc_empty_space][vc_column_text css=&#8221;&#8221;]<strong><img loading=\"lazy\" decoding=\"async\" class=\"alignleft size-full wp-image-12556 alignleft\" style=\"margin-top: -1px;\" src=\"https:\/\/iffartfilm.com\/wp-content\/uploads\/2018\/12\/cervena-gulicka.png\" alt=\"\" width=\"32\" height=\"32\" \/><\/strong><\/p>\n<p><strong>City of Kosice \/ 20. \u2013 27. june 2025 \/ 8 days \/ 17 sections \/ 58 countries \/ 135 films \/ 169 projections \/ 22 914 visitors<\/strong>[\/vc_column_text][vc_empty_space][vc_column_text css=&#8221;&#8221; el_class=&#8221;aff-lead&#8221;]<\/p>\n<p data-start=\"0\" data-end=\"325\">For the first time, a new honorary award\u2014the Milan Lasica Award\u2014was presented. It serves as a lasting tribute to the festival\u2019s first and only president and is awarded <em data-start=\"172\" data-end=\"185\">in memoriam<\/em> to outstanding figures of our cinematography. Its first laureate was Ivan Mistr\u00edk, whose 90th birth anniversary we commemorate in 2025. For the first time, awards were also presented by the FIPRESCI Jury\u2014the International Federation of Film Critics\u2014within its own independent selection. The Actor\u2019s Mission Award went to Daniela Kol\u00e1\u0159ov\u00e1 (Czech Republic) and Milan Ondr\u00edk (Slovakia). The Golden Camera Award was presented in the metropolis of eastern Slovakia to one of the most respected and acclaimed cinematographers of both Slovak and Czech cinema\u2014Martin \u0160trba.<\/p>\n<p>[\/vc_column_text][\/vc_column][\/vc_row][vc_row gap=&#8221;35&#8243; css=&#8221;.vc_custom_1460376204585{padding-bottom: 35px !important;}&#8221;][vc_column offset=&#8221;vc_col-lg-5 vc_col-md-12 vc_col-xs-12&#8243;][vc_btn title=&#8221;Photogallery&#8221; size=&#8221;lg&#8221; align=&#8221;left&#8221; css=&#8221;&#8221; button_block=&#8221;true&#8221; add_icon=&#8221;true&#8221; link=&#8221;url:%23fotogalerie||&#8221;][vc_empty_space height=&#8221;6px&#8221;][vc_btn title=&#8221;Final Press Release \/ Awards&#8221; size=&#8221;lg&#8221; align=&#8221;left&#8221; css=&#8221;&#8221; button_block=&#8221;true&#8221; add_icon=&#8221;true&#8221; link=&#8221;url:%23zaverecna-tlacova-sprava||&#8221;][vc_empty_space height=&#8221;6px&#8221;][vc_btn title=&#8221;Program, News&#8221; size=&#8221;lg&#8221; align=&#8221;left&#8221; css=&#8221;&#8221; button_block=&#8221;true&#8221; add_icon=&#8221;true&#8221; link=&#8221;url:%23katalog-program-ocenenia||&#8221;][vc_empty_space height=&#8221;6px&#8221;][vc_btn title=&#8221;Festival Newspaper&#8221; size=&#8221;lg&#8221; align=&#8221;left&#8221; css=&#8221;&#8221; button_block=&#8221;true&#8221; add_icon=&#8221;true&#8221; link=&#8221;url:%23festivalove-denniky||&#8221;][vc_empty_space height=&#8221;6px&#8221;][vc_btn title=&#8221;Festival television&#8221; size=&#8221;lg&#8221; align=&#8221;left&#8221; css=&#8221;&#8221; button_block=&#8221;true&#8221; add_icon=&#8221;true&#8221; link=&#8221;url:%23festivalova-televizia||&#8221;][vc_empty_space height=&#8221;6px&#8221;][vc_btn title=&#8221;Jury&#8221; size=&#8221;lg&#8221; align=&#8221;left&#8221; css=&#8221;&#8221; button_block=&#8221;true&#8221; add_icon=&#8221;true&#8221; link=&#8221;url:%23porota||&#8221;][\/vc_column][vc_column offset=&#8221;vc_col-lg-7 vc_col-md-12 vc_col-xs-12&#8243;][vc_video link=&#8221;https:\/\/youtu.be\/xcnUxeM84Y8&#8243; css=&#8221;&#8221;][\/vc_column][\/vc_row][vc_row][vc_column][vc_column_text css=&#8221;&#8221;]<\/p>\n<h1 id=\"fotogalerie\">Photogallery<\/h1>\n<p>[\/vc_column_text][vc_empty_space][vc_tta_tabs spacing=&#8221;10&#8243; gap=&#8221;35&#8243; active_section=&#8221;1&#8243;][vc_tta_section title=&#8221;Press Conferences&#8221; tab_id=&#8221;1749594650951-dd1a5220-5f2f&#8221;][vc_column_text css=&#8221;&#8221;]<\/p>\n<h3>Introductory Press Conference, 9.6.2025<\/h3>\n<p>[\/vc_column_text][vc_gallery type=&#8221;image_grid&#8221; images=&#8221;42783,42781,42776,42774,42772,42755,42758,42762,42766,42747,42725,42726,42749,42745,42770,42779&#8243; img_size=&#8221;147&#215;147&#8243; css=&#8221;&#8221;][vc_btn title=&#8221;Press conference recording&#8221; css=&#8221;&#8221; link=&#8221;url:https%3A%2F%2Fwww.youtube.com%2Flive%2FKULm6AvOwOg|target:_blank&#8221;][vc_column_text css=&#8221;&#8221;]<\/p>\n<h3>Actor\u2019s Mission &#8211; Press Conference &#8211; Milan Ondr\u00edk<\/h3>\n<p>[\/vc_column_text][vc_gallery type=&#8221;image_grid&#8221; images=&#8221;43803,43805,43807,43800,43802,43809,43811,43814,43816,43818,43820,43822,43824&#8243; img_size=&#8221;146&#215;146&#8243; css=&#8221;&#8221;][vc_column_text css=&#8221;&#8221;]<\/p>\n<h3>Golden Camera &#8211; Press Conference &#8211; Martin \u0160trba, 26. june 2025<\/h3>\n<p>[\/vc_column_text][vc_gallery type=&#8221;image_grid&#8221; images=&#8221;44405,44403,44399,44393,44389,44387,44381,44371&#8243; img_size=&#8221;147&#215;147&#8243; css=&#8221;&#8221;][\/vc_tta_section][vc_tta_section title=&#8221;Opening Ceremony&#8221; tab_id=&#8221;1749594650599-30672b31-e313&#8243;][vc_column_text css=&#8221;&#8221;]<\/p>\n<h3>Red Carpet<\/h3>\n<p>Foto: Marek E\u0161to\u010din, Marek Vavru\u0161[\/vc_column_text][vc_gallery type=&#8221;image_grid&#8221; images=&#8221;43293,43295,43297,43299,43301,43303,43305,43307,43309,43311,43313,43315,43317,43319,43321,43323,43325,43327,43329,43331,43333,43335,43337,43339,43341,43343,43345&#8243; img_size=&#8221;147&#215;147&#8243; css=&#8221;&#8221;][vc_column_text css=&#8221;&#8221;]<\/p>\n<h3>Opening Ceremony<\/h3>\n<p>Foto: Marek E\u0161to\u010din[\/vc_column_text][vc_gallery type=&#8221;image_grid&#8221; images=&#8221;43351,43354,43356,43358,43362,43364,43366,43368,43370,43372,43374,43376,43378,43380&#8243; img_size=&#8221;147&#215;147&#8243; css=&#8221;&#8221;][\/vc_tta_section][vc_tta_section title=&#8221;Actor\u2019s Mission&#8221; tab_id=&#8221;1749594650709-9730b41a-5256&#8243;][vc_column_text css=&#8221;&#8221;]<\/p>\n<h3>Milan Ondr\u00edk &#8211; arrival at IFF Art Film<\/h3>\n<p>[\/vc_column_text][vc_gallery type=&#8221;image_grid&#8221; images=&#8221;43676,43678,43680,43682&#8243; img_size=&#8221;146&#215;146&#8243; css=&#8221;&#8221;][vc_column_text css=&#8221;&#8221;]<\/p>\n<h3>Milan Ondr\u00edk &#8211; press conference<\/h3>\n<p>[\/vc_column_text][vc_gallery type=&#8221;image_grid&#8221; images=&#8221;43803,43805,43807,43800,43802,43809,43811,43814,43816,43818,43820,43822,43824&#8243; img_size=&#8221;146&#215;146&#8243; css=&#8221;&#8221;][vc_column_text css=&#8221;&#8221;]<\/p>\n<h3>Milan Ondr\u00edk &#8211; interviews at Kulturpark<\/h3>\n<p>[\/vc_column_text][vc_gallery type=&#8221;image_grid&#8221; images=&#8221;43853,43861,43857,43851,43847,43841,43837,43835,43831,43859,43855,43839,43833&#8243; img_size=&#8221;146&#215;146&#8243; css=&#8221;&#8221;][vc_column_text css=&#8221;&#8221;]<\/p>\n<h3>Milan Ondr\u00edk &#8211; Doln\u00e1 br\u00e1na<\/h3>\n<p>[\/vc_column_text][vc_gallery type=&#8221;image_grid&#8221; images=&#8221;46703,46701,46699,46697,46695,46693,46689,46685,46683,46681,46679,46677,46675,46673,46671,46669,46667,46663,46657,46659,46655,46653,46649,46647,46641,46639,46635,46637,46631,46627,46625,46623,46621,46619&#8243; img_size=&#8221;146&#215;146&#8243; css=&#8221;&#8221;][\/vc_tta_section][vc_tta_section title=&#8221;Golden Camera&#8221; tab_id=&#8221;1749594650783-8b563331-af68&#8243;][vc_column_text css=&#8221;&#8221;]<\/p>\n<h3>Arrival at the festival &#8211; Martin \u0160trba<\/h3>\n<p>[\/vc_column_text][vc_gallery type=&#8221;image_grid&#8221; images=&#8221;46065,46063,46061,46059,46057,46055,46053,46051,46049,46047,46045,46043&#8243; img_size=&#8221;146&#215;146&#8243; css=&#8221;&#8221;][vc_column_text css=&#8221;&#8221;]<\/p>\n<h3>Golden Camera &#8211; Martin \u0160trba<\/h3>\n<p>[\/vc_column_text][vc_gallery type=&#8221;image_grid&#8221; images=&#8221;44373,44649,44801,44789,44783,44770,44724,44716&#8243; img_size=&#8221;146&#215;146&#8243; css=&#8221;&#8221;][vc_column_text css=&#8221;&#8221;]<\/p>\n<h3>Interview: cinematographer Martin \u0160trba &#8211; Golden Camera<\/h3>\n<p>[\/vc_column_text][vc_gallery type=&#8221;image_grid&#8221; images=&#8221;47418,47420,47422&#8243; img_size=&#8221;146&#215;146&#8243; css=&#8221;&#8221;][\/vc_tta_section][vc_tta_section title=&#8221;Introduction of films&#8221; tab_id=&#8221;1749594650842-bc50898d-7124&#8243;][vc_column_text css=&#8221;&#8221;]Angli\u0161tina Engli\u0161tina | English Vinglish<br \/>\nApoorva Srivastava, Martin Pal\u00fach[\/vc_column_text][vc_gallery type=&#8221;image_grid&#8221; images=&#8221;43611,43618,43621,43625,43627,43631,43635,43643,43645,43647,43651,43653,43657,43659&#8243; img_size=&#8221;146&#215;146&#8243; onclick=&#8221;img_link_large&#8221; css=&#8221;&#8221;][vc_column_text css=&#8221;&#8221;]Vy\u0161\u0161\u00ed princ\u00edp | A Higher Principle<br \/>\nJuraj \u010curn\u00fd[\/vc_column_text][vc_gallery type=&#8221;image_grid&#8221; images=&#8221;43671,43669,43667,43665&#8243; img_size=&#8221;146&#215;146&#8243; onclick=&#8221;img_link_large&#8221; css=&#8221;&#8221;][vc_column_text css=&#8221;&#8221;]Z\u00e1hrada | The Garden<br \/>\nMartin \u0160ul\u00edk, Marek Le\u0161\u010d\u00e1k, Juraj \u010curn\u00fd[\/vc_column_text][vc_gallery type=&#8221;image_grid&#8221; images=&#8221;43531,43529,43527,43525,43533&#8243; img_size=&#8221;146&#215;146&#8243; onclick=&#8221;img_link_large&#8221; css=&#8221;&#8221;][vc_column_text css=&#8221;&#8221;]Kronika ve\u010dn\u00fdch sn\u00edlkov | The Sluggard Clan[\/vc_column_text][vc_gallery type=&#8221;image_grid&#8221; images=&#8221;43712,43714,43716,43718&#8243; img_size=&#8221;146&#215;146&#8243; onclick=&#8221;img_link_large&#8221; css=&#8221;&#8221;][vc_column_text css=&#8221;&#8221;]Joe The First[\/vc_column_text][vc_gallery type=&#8221;image_grid&#8221; images=&#8221;45515,45513,45511,45509,45507,45505,45503,45501,45499,45497,45495,45493,45491,46029,46027,46025,46023,46021,46019,46017,46015,46013&#8243; img_size=&#8221;146&#215;146&#8243; onclick=&#8221;img_link_large&#8221; css=&#8221;&#8221;][vc_column_text css=&#8221;&#8221;]Perla<br \/>\nTom\u00e1\u0161 Krupa, No\u00ebl Czuczor, Rebeka Pol\u00e1kov\u00e1[\/vc_column_text][vc_gallery type=&#8221;image_grid&#8221; images=&#8221;45569,45567,45565,45563,45561,45559,45557,45555,45553,45551,45549,45547,45545,45543,46233,46231,46229,46227,46225,46223,46221,46219,46217,46215&#8243; img_size=&#8221;146&#215;146&#8243; onclick=&#8221;img_link_large&#8221; css=&#8221;&#8221;][vc_column_text css=&#8221;&#8221;]Varso[\/vc_column_text][vc_gallery type=&#8221;image_grid&#8221; images=&#8221;45587,45585,45583,45581,45579,45577,45575,45573,45571&#8243; img_size=&#8221;146&#215;146&#8243; onclick=&#8221;img_link_large&#8221; css=&#8221;&#8221;][vc_column_text css=&#8221;&#8221;]DVOiKA OUCE | Scheep Too[\/vc_column_text][vc_gallery type=&#8221;image_grid&#8221; images=&#8221;45279,45275,45277,45273&#8243; img_size=&#8221;146&#215;146&#8243; onclick=&#8221;img_link_large&#8221; css=&#8221;&#8221;][vc_column_text css=&#8221;&#8221;]Ema a smrtihlav | The Hungarian Dressmaker[\/vc_column_text][vc_gallery type=&#8221;image_grid&#8221; images=&#8221;45293,45291,45289,45287,45285,45283,45281&#8243; img_size=&#8221;146&#215;146&#8243; onclick=&#8221;img_link_large&#8221; css=&#8221;&#8221;][vc_column_text css=&#8221;&#8221;]Tie\u0148 v\u00ed\u0165azstva | Magne Havnaa<br \/>\nB\u00e5rd Breien, Eske Troelstrup, Pavel Ber\u010d\u00edk, Zuzana Mistr\u00edkov\u00e1[\/vc_column_text][vc_gallery type=&#8221;image_grid&#8221; images=&#8221;46041,46039,46037,46035,46033,46031,46247,46245,46243,46241,46239,46237,46235&#8243; img_size=&#8221;146&#215;146&#8243; onclick=&#8221;img_link_large&#8221; css=&#8221;&#8221;][vc_column_text css=&#8221;&#8221;]Akcia Monaco | Operation Monaco<br \/>\nDu\u0161an Tran\u010d\u00edk, Peter Harum, Martin Ciel[\/vc_column_text][vc_gallery type=&#8221;image_grid&#8221; images=&#8221;46111,46113,46115,46125,46123,46121,46119,46117,46747,46745,46743,46741,46739,46737,46735,46733,46731&#8243; img_size=&#8221;146&#215;146&#8243; onclick=&#8221;img_link_large&#8221; css=&#8221;&#8221;][vc_column_text css=&#8221;&#8221;]Csongor a Th\u00fcnde | The Quest[\/vc_column_text][vc_gallery type=&#8221;image_grid&#8221; images=&#8221;46165,46163,46161,46159,46157,46155,46153,46151,46149,46147,46145,46143,46141,46139,46137,46135,46133,46131,46129,46127&#8243; img_size=&#8221;146&#215;146&#8243; onclick=&#8221;img_link_large&#8221; css=&#8221;&#8221;][vc_column_text css=&#8221;&#8221;]Chain Reactions<br \/>\nAlexandre O. Phillipe[\/vc_column_text][vc_gallery type=&#8221;image_grid&#8221; images=&#8221;46363,46361,46359,46357,46355,46353,46351,46349,46347,46345,46343,46339,46337,46333,46329&#8243; img_size=&#8221;146&#215;146&#8243; onclick=&#8221;img_link_large&#8221; css=&#8221;&#8221;][vc_column_text css=&#8221;&#8221;]Ke\u010f hviezdy boli \u010derven\u00e9 | When the Stars Were Red<br \/>\nDu\u0161an Tran\u010d\u00edk, Peter Michalovi\u010d[\/vc_column_text][vc_gallery type=&#8221;image_grid&#8221; images=&#8221;46374,46372,46370,46368,46366,46365&#8243; img_size=&#8221;146&#215;146&#8243; onclick=&#8221;img_link_large&#8221; css=&#8221;&#8221;][vc_column_text css=&#8221;&#8221;]Letopis | Chronicle<br \/>\nMartin Koll\u00e1r[\/vc_column_text][vc_gallery type=&#8221;image_grid&#8221; images=&#8221;46480,46478,46476,46474,46472,46470,46468,46466,46464,46462,46460,46458&#8243; img_size=&#8221;146&#215;146&#8243; onclick=&#8221;img_link_large&#8221; css=&#8221;&#8221;][vc_column_text css=&#8221;&#8221;]Medov\u00e9 t\u00fd\u017edne | Honeymoon<br \/>\nZhanna Ozirna[\/vc_column_text][vc_gallery type=&#8221;image_grid&#8221; images=&#8221;46418,46416,46414,46412,46410,46408,46406,46404,46402,46400,46396,46394,46390,46388,46386,46382,46380,46378,46376&#8243; img_size=&#8221;146&#215;146&#8243; onclick=&#8221;img_link_large&#8221; css=&#8221;&#8221;][vc_column_text css=&#8221;&#8221;]Nech je svetlo | Let There Be Light<br \/>\nMarko \u0160kop, J\u00e1n Meli\u0161[\/vc_column_text][vc_gallery type=&#8221;image_grid&#8221; images=&#8221;46436,46434,46432,46430,46428,46426,46424,46420&#8243; img_size=&#8221;146&#215;146&#8243; onclick=&#8221;img_link_large&#8221; css=&#8221;&#8221;][vc_column_text css=&#8221;&#8221;]Nie som zl\u00fd \u010dlovek | I&#8217;m Not a Bad Man<br \/>\nPeter Poch[\/vc_column_text][vc_gallery type=&#8221;image_grid&#8221; images=&#8221;46456,46454,46452,46450,46448,46446,46444,46442,46440,46438&#8243; img_size=&#8221;146&#215;146&#8243; onclick=&#8221;img_link_large&#8221; css=&#8221;&#8221;][vc_column_text css=&#8221;&#8221;]Cukrkandl | Sugar Candy<br \/>\n\u013dubom\u00edr Slivka[\/vc_column_text][vc_gallery type=&#8221;image_grid&#8221; images=&#8221;46761,46759,46757,46755,46753,46751,46749&#8243; img_size=&#8221;146&#215;146&#8243; onclick=&#8221;img_link_large&#8221; css=&#8221;&#8221;][vc_column_text css=&#8221;&#8221;]Kronika ve\u010dn\u00fdch sn\u00edlkov | The Sloggard Clan<br \/>\nRas\u0165o Boro\u0161 a \u010dlenovia filmovej deleg\u00e1cie[\/vc_column_text][vc_gallery type=&#8221;image_grid&#8221; images=&#8221;46805,46803,46801,46799,46797,46795,46793,46791,46789,46787&#8243; img_size=&#8221;146&#215;146&#8243; onclick=&#8221;img_link_large&#8221; css=&#8221;&#8221;][vc_column_text css=&#8221;&#8221;]Mi\u0161a v Ko\u0161iciach | Mi\u0161a in Ko\u0161ice<br \/>\n\u010clenovia filmovej deleg\u00e1cie[\/vc_column_text][vc_gallery type=&#8221;image_grid&#8221; images=&#8221;46927,46925,46923,46921,46919,46917,46915,46913,46911,46909,46907,46905,46903,46899,46901,46897,46895,46893,46891,46889,46879,46881,46883,46885,46887,46877,46875,46873,46871,46869&#8243; img_size=&#8221;146&#215;146&#8243; onclick=&#8221;img_link_large&#8221; css=&#8221;&#8221;][vc_column_text css=&#8221;&#8221;]Texask\u00fd masaker motorovou p\u00edlou | The Texas Chainsaw Massacre<br \/>\nAlexandre O. Phillipe[\/vc_column_text][vc_gallery type=&#8221;image_grid&#8221; images=&#8221;46951,46949,46947,46945,46943,46941,46939,46937,46935,46933,46931,46929&#8243; img_size=&#8221;146&#215;146&#8243; onclick=&#8221;img_link_large&#8221; css=&#8221;&#8221;][vc_column_text css=&#8221;&#8221;]Ve\u013ek\u00e9 fin\u00e1le PSO | The Grand Finale of PSO<br \/>\nDominik Kalivoda[\/vc_column_text][vc_gallery type=&#8221;image_grid&#8221; images=&#8221;46985,46983,46981,46979,46977,46975,46973,46971,46969,46967,46965,46963,46961,46959,46957,46955,46953&#8243; img_size=&#8221;146&#215;146&#8243; onclick=&#8221;img_link_large&#8221; css=&#8221;&#8221;][vc_column_text css=&#8221;&#8221;]MIKI[\/vc_column_text][vc_gallery type=&#8221;image_grid&#8221; images=&#8221;47270,47268,47266,47264,47262,47260,47258,47256,47254,47252,47250,47248&#8243; img_size=&#8221;146&#215;146&#8243; onclick=&#8221;img_link_large&#8221; css=&#8221;&#8221;][\/vc_tta_section][vc_tta_section title=&#8221;Short films&#8221; tab_id=&#8221;1749594650896-9cf609cf-51cd&#8221;][vc_column_text css=&#8221;&#8221;]<\/p>\n<h3>Short films &#8211; China &#8211; Jiahao Guo (director of the film People), Thom Palmen, 25.6.2025<\/h3>\n<p>\u013dudia\u00a0| People<br \/>\nJiahao Guo (director), Thom Palmen (section curator)[\/vc_column_text][vc_gallery type=&#8221;image_grid&#8221; images=&#8221;45523,45521,45519,45517&#8243; img_size=&#8221;146&#215;146&#8243; onclick=&#8221;img_link_large&#8221; css=&#8221;&#8221;][vc_column_text css=&#8221;&#8221;]<\/p>\n<h3>Short films &#8211; China &#8211; Jiahao Guo (director of the film People), Thom Palmen, 26.6.2025<\/h3>\n<p>\u013dudia\u00a0| People<br \/>\nJiahao Guo (director), Thom Palmen (section curator)[\/vc_column_text][vc_gallery type=&#8221;image_grid&#8221; images=&#8221;45295,45297,45299&#8243; img_size=&#8221;146&#215;146&#8243; onclick=&#8221;img_link_large&#8221; css=&#8221;&#8221;][vc_column_text css=&#8221;&#8221;]<\/p>\n<h3>Short films I &#8211; Rebeka Bizubov\u00e1 (director of the film Confession), Martin Ka\u0148uch, 21.6.2025<\/h3>\n<p>Spove\u010f\u00a0| Confession<br \/>\nRebeka Bizubov\u00e1 (director), Martin Ka\u0148uch (section curator)[\/vc_column_text][vc_gallery type=&#8221;image_grid&#8221; images=&#8221;46773,46771,46769,46767,46765,46763&#8243; img_size=&#8221;146&#215;146&#8243; onclick=&#8221;img_link_large&#8221; css=&#8221;&#8221;][vc_column_text css=&#8221;&#8221;]<\/p>\n<h3>Short films I &#8211; Rebeka Bizubov\u00e1 (director of the film Confession), Martin Ka\u0148uch, 22.6.2025<\/h3>\n<p>Spove\u010f\u00a0| Confession<br \/>\nRebeka Bizubov\u00e1 (director), Martin Ka\u0148uch (section curator)[\/vc_column_text][vc_gallery type=&#8221;image_grid&#8221; images=&#8221;47220,47218,47216,47214,47212,47210,47208&#8243; img_size=&#8221;146&#215;146&#8243; onclick=&#8221;img_link_large&#8221; css=&#8221;&#8221;][vc_column_text css=&#8221;&#8221;]<\/p>\n<h3>Short films II \u2013 Marie-Camille Loutan (director of the film Toubab), Martin Ka\u0148uch, 21.6.2025<\/h3>\n<p>Toubab<br \/>\nMarie-Camille Loutan (director), Martin Ka\u0148uch (section curator)[\/vc_column_text][vc_gallery type=&#8221;image_grid&#8221; images=&#8221;46785,46783,46781,46779,46777,46775&#8243; img_size=&#8221;146&#215;146&#8243; onclick=&#8221;img_link_large&#8221; css=&#8221;&#8221;][vc_column_text css=&#8221;&#8221;]<\/p>\n<h3>Short films II \u2013 Marie-Camille Loutan (director of the film Toubab), Martin Ka\u0148uch, 23.6.2025<\/h3>\n<p>Toubab<br \/>\nMarie-Camille Loutan (director), Martin Ka\u0148uch (section curator)[\/vc_column_text][vc_gallery type=&#8221;image_grid&#8221; images=&#8221;46181,46179,46177,46175,46173,46171,46169,46167&#8243; img_size=&#8221;146&#215;146&#8243; onclick=&#8221;img_link_large&#8221; css=&#8221;&#8221;][vc_column_text css=&#8221;&#8221;]<\/p>\n<h3>Short films IV &#8211; Rifat Erkek (producer of the film The Surrogate Girl), Martin Ka\u0148uch, 25.6.2025<\/h3>\n<p>N\u00e1hradn\u00e9 diev\u010da\u00a0| The Surrogate Girl<br \/>\nRifat Erkek (producer), Martin Ka\u0148uch (section curator)[\/vc_column_text][vc_gallery type=&#8221;image_grid&#8221; images=&#8221;45541,45539,45535,45533,45531,45529,45527,45525&#8243; img_size=&#8221;146&#215;146&#8243; onclick=&#8221;img_link_large&#8221; css=&#8221;&#8221;][vc_column_text css=&#8221;&#8221;]<\/p>\n<h3>Short films IV &#8211; \u0160tef\u00e1nia Lovasov\u00e1 (director of the film Venus in Retrograde) , Martin Ka\u0148uch, 22.6.2025<\/h3>\n<p>Venu\u0161a v retrogr\u00e1de\u00a0| Venus in Retrograde<br \/>\n\u0160tef\u00e1nia Lovasov\u00e1 (director), Martin Ka\u0148uch (section curator)[\/vc_column_text][vc_gallery type=&#8221;image_grid&#8221; images=&#8221;47246,47244,47242,47240,47238,47236,47234,47232,47230,47228,47226,47224,47222&#8243; img_size=&#8221;146&#215;146&#8243; onclick=&#8221;img_link_large&#8221; css=&#8221;&#8221;][vc_column_text css=&#8221;&#8221;]<\/p>\n<h3>Short films VI &#8211; Milan Cyro\u0148 and Tom\u00e1\u0161 Uher (directors of the film Lesya), 23.6.2026<\/h3>\n<p>Lesja\u00a0| Lesya<br \/>\nMilan Cyro\u0148, Tom\u00e1\u0161 Uher (directors), Martin Ka\u0148uch (section curator)[\/vc_column_text][vc_gallery type=&#8221;image_grid&#8221; images=&#8221;46213,46211,46209,46207,46205,46203,46201,46199,46197,46195,46193,46191,46189,46187,46185,46183&#8243; img_size=&#8221;146&#215;146&#8243; onclick=&#8221;img_link_large&#8221; css=&#8221;&#8221;][\/vc_tta_section][vc_tta_section title=&#8221;Masterclass&#8221; tab_id=&#8221;1749594651019-51170cec-8f78&#8243;][vc_column_text css=&#8221;&#8221;]<\/p>\n<h3>Masterclass: Du\u0161an Tran\u010d\u00edk, 23.6.2025<\/h3>\n<p>[\/vc_column_text][vc_gallery type=&#8221;image_grid&#8221; images=&#8221;44063,44061,44059,44057,44055,44053,44051,44049,44047,44045,44043,44041,44038&#8243; img_size=&#8221;146&#215;146&#8243; onclick=&#8221;img_link_large&#8221; css=&#8221;&#8221;][vc_column_text css=&#8221;&#8221;]<\/p>\n<h3>Masterclass: Martin \u0160trba, 25.6.2025<\/h3>\n<p>[\/vc_column_text][vc_gallery type=&#8221;image_grid&#8221; images=&#8221;45333,45331,45329,45327,45325,45323,45321,45319,45317,45315,45313,45311,45309,45307,45305,45303&#8243; img_size=&#8221;146&#215;146&#8243; onclick=&#8221;img_link_large&#8221; css=&#8221;&#8221;][\/vc_tta_section][vc_tta_section title=&#8221;Industry&#8221; tab_id=&#8221;1749594651091-e7847da3-97c4&#8243;][vc_column_text css=&#8221;&#8221;]<\/p>\n<h3>Television series production and direction &#8211; Mi\u0161a v Ko\u0161iciach, 21. june 2025<\/h3>\n<p>[\/vc_column_text][vc_gallery type=&#8221;image_grid&#8221; images=&#8221;43707,43703,43701,43699,43697,43695,43693,43691&#8243; img_size=&#8221;146&#215;146&#8243; onclick=&#8221;img_link_large&#8221; css=&#8221;&#8221;][vc_column_text css=&#8221;&#8221;]<\/p>\n<h3>Co-production opportunities for foreign projects at Czech Television, Martin Novosad, 21. june 2025<\/h3>\n<p>[\/vc_column_text][vc_gallery type=&#8221;image_grid&#8221; images=&#8221;43555,43561,43557,43559&#8243; img_size=&#8221;146&#215;146&#8243; onclick=&#8221;img_link_large&#8221; css=&#8221;&#8221;][vc_column_text css=&#8221;&#8221;]<\/p>\n<h3>Film marketing and trailer formats, Peter Pavl\u00edk, 22. june 2025<\/h3>\n<p>[\/vc_column_text][vc_gallery type=&#8221;image_grid&#8221; images=&#8221;47010,47008,47006,47004,47002,47000,46998,46996,46994,46992&#8243; img_size=&#8221;146&#215;146&#8243; onclick=&#8221;img_link_large&#8221; css=&#8221;&#8221;][vc_column_text css=&#8221;&#8221;]<\/p>\n<h3>AI in documentary film, Peter Harum, 22. june 2025<\/h3>\n<p>[\/vc_column_text][vc_gallery type=&#8221;image_grid&#8221; images=&#8221;47038,47036,47034,47032,47030,47028,47026,47024,47012,47014,47016,47018,47020,47022&#8243; img_size=&#8221;146&#215;146&#8243; onclick=&#8221;img_link_large&#8221; css=&#8221;&#8221;][vc_column_text css=&#8221;&#8221;]<\/p>\n<h3>Fiction and documentary directing, Du\u0161an Tran\u010d\u00edk, 23. june 2025<\/h3>\n<p>[\/vc_column_text][vc_gallery type=&#8221;image_grid&#8221; images=&#8221;44063,44061,44059,44057,44055,44053,44051,44049,44047,44045,44043,44041,44038&#8243; img_size=&#8221;146&#215;146&#8243; onclick=&#8221;img_link_large&#8221; css=&#8221;&#8221;][vc_column_text css=&#8221;&#8221;]<\/p>\n<h3>The importance of grading in film, Martin Polereck\u00fd, 23. june 2025<\/h3>\n<p>[\/vc_column_text][vc_gallery type=&#8221;image_grid&#8221; images=&#8221;44115,44129,44127,44125,44123,44121&#8243; img_size=&#8221;146&#215;146&#8243; onclick=&#8221;img_link_large&#8221; css=&#8221;&#8221;][vc_column_text css=&#8221;&#8221;]<\/p>\n<h3>Discussion on publishing film literature, Peter Dubeck\u00fd, M\u00e1ria Feren\u010duhov\u00e1, Peter Michalovi\u010d, Martin Ka\u0148uch, 23. june 2025<\/h3>\n<p>[\/vc_column_text][vc_gallery type=&#8221;image_grid&#8221; images=&#8221;44160,44158,44156,44154,44152,44150,44148,44146,44142,44144,44140,44138&#8243; img_size=&#8221;146&#215;146&#8243; onclick=&#8221;img_link_large&#8221; css=&#8221;&#8221;][vc_column_text css=&#8221;&#8221;]<\/p>\n<h3>100 years of FIPRESCI, Elena Rubashevska, 24. june 2025<\/h3>\n<p>[\/vc_column_text][vc_gallery type=&#8221;image_grid&#8221; images=&#8221;45719,45717,45715,45713,45711,45709,45707,45705,45703,45701,45699,45697,45695,45693,45691,45689,45687&#8243; img_size=&#8221;146&#215;146&#8243; onclick=&#8221;img_link_large&#8221; css=&#8221;&#8221;][vc_column_text css=&#8221;&#8221;]<\/p>\n<h3>JOJ play &#8211; how streaming reshapes stories and the market, Adri\u00e1n \u010carn\u00fd, 24. june 2025<\/h3>\n<p>[\/vc_column_text][vc_gallery type=&#8221;image_grid&#8221; images=&#8221;45749,45747,45745,45741,45739,45737,45735,45733,45731,45729,45727,45725,45723,45721&#8243; img_size=&#8221;146&#215;146&#8243; onclick=&#8221;img_link_large&#8221; css=&#8221;&#8221;][vc_column_text css=&#8221;&#8221;]<\/p>\n<h3>Independent film production in the USA and creative analysis of pop culture film phenomena, Alexandre O. Philippe, 25. june 2025<\/h3>\n<p>[\/vc_column_text][vc_gallery type=&#8221;image_grid&#8221; images=&#8221;45335,45337,45339,45341,45343,45345,45347,45349,45351,45353,45355,45357,45359,45361,45363,45365,45367,45369,45371&#8243; img_size=&#8221;146&#215;146&#8243; onclick=&#8221;img_link_large&#8221; css=&#8221;&#8221;][vc_column_text css=&#8221;&#8221;]<\/p>\n<h3>Cinematography in Slovak and Czech film, Martin \u0160trba, 25. june 2025<\/h3>\n<p>[\/vc_column_text][vc_gallery type=&#8221;image_grid&#8221; images=&#8221;45333,45331,45329,45327,45325,45323,45321,45319,45317,45315,45313,45311,45309,45307,45305,45303&#8243; img_size=&#8221;146&#215;146&#8243; onclick=&#8221;img_link_large&#8221; css=&#8221;&#8221;][vc_column_text css=&#8221;&#8221;]<\/p>\n<h3>Film music, David Kollar, 26. june 2025<\/h3>\n<p>[\/vc_column_text][vc_gallery type=&#8221;image_grid&#8221; images=&#8221;45117,45115,45113,45111,45109,45107,45105,45103,45101,45099,45097,45095&#8243; img_size=&#8221;146&#215;146&#8243; onclick=&#8221;img_link_large&#8221; css=&#8221;&#8221;][vc_column_text css=&#8221;&#8221;]<\/p>\n<h3>Low-budget production, Timea Husz\u00e1r, 26. june 2025<\/h3>\n<p>[\/vc_column_text][vc_gallery type=&#8221;image_grid&#8221; images=&#8221;45133,45131,45129,45127,45125,45123,45121&#8243; img_size=&#8221;146&#215;146&#8243; onclick=&#8221;img_link_large&#8221; css=&#8221;&#8221;][\/vc_tta_section][vc_tta_section title=&#8221;Side events&#8221; tab_id=&#8221;1749594651145-812de439-747e&#8221;][vc_column_text css=&#8221;&#8221;]<\/p>\n<h3 class=\"MuiTypography-root MuiTypography-inherit MuiLink-root MuiLink-underlineHover css-fpwugc\">Duo Aura DJs<\/h3>\n<p>[\/vc_column_text][vc_gallery type=&#8221;image_grid&#8221; images=&#8221;43546,43544,43550,43548,43604,43602,43600,43598,43596&#8243; img_size=&#8221;146&#215;146&#8243; onclick=&#8221;img_link_large&#8221; css=&#8221;&#8221;][vc_column_text css=&#8221;&#8221;]<\/p>\n<h3 class=\"MuiTypography-root MuiTypography-inherit MuiLink-root MuiLink-underlineHover css-fpwugc\">Autograph signing session for the film Kronika ve\u010dn\u00fdch sn\u00edlkov<\/h3>\n<p>[\/vc_column_text][vc_gallery type=&#8221;image_grid&#8221; images=&#8221;43720,43722,43724,43726,43728,43731,43733,43735,43737,43739,43741,43743,43745,43747,43749,43751,43753,43755&#8243; img_size=&#8221;146&#215;146&#8243; onclick=&#8221;img_link_large&#8221; css=&#8221;&#8221;][vc_column_text css=&#8221;&#8221;]<\/p>\n<h3 class=\"MuiTypography-root MuiTypography-inherit MuiLink-root MuiLink-underlineHover css-fpwugc\">Morning yoga<\/h3>\n<p>[\/vc_column_text][vc_gallery type=&#8221;image_grid&#8221; images=&#8221;47156,47154,47152,47150,47148,47146,47144,47142,47126,47128,47130,47132,47134,47136,47138,47140&#8243; img_size=&#8221;146&#215;146&#8243; onclick=&#8221;img_link_large&#8221; css=&#8221;&#8221;][vc_column_text css=&#8221;&#8221;]<\/p>\n<h3 class=\"MuiTypography-root MuiTypography-inherit MuiLink-root MuiLink-underlineHover css-fpwugc\">Celeste Buckingham autograph signing session<\/h3>\n<p>[\/vc_column_text][vc_gallery type=&#8221;image_grid&#8221; images=&#8221;47124,47122,47120,47118,47114,47110,47096,47094,47102,47088,47092,47106&#8243; img_size=&#8221;146&#215;146&#8243; onclick=&#8221;img_link_large&#8221; css=&#8221;&#8221;][vc_column_text css=&#8221;&#8221;]<\/p>\n<h3 class=\"MuiTypography-root MuiTypography-inherit MuiLink-root MuiLink-underlineHover css-fpwugc\">TV JOJKO presents<\/h3>\n<p>[\/vc_column_text][vc_gallery type=&#8221;image_grid&#8221; images=&#8221;47206,47204,47202,47200,47198,47196,47194,47192,47176,47178,47180,47182,47184,47186,47188,47190,47174,47172,47170,47168,47166,47164,47162,47160,47158&#8243; img_size=&#8221;146&#215;146&#8243; onclick=&#8221;img_link_large&#8221; css=&#8221;&#8221;][vc_column_text css=&#8221;&#8221;]<\/p>\n<h3 class=\"MuiTypography-root MuiTypography-inherit MuiLink-root MuiLink-underlineHover css-fpwugc\">Celeste Buckingham acoustic concert<\/h3>\n<p>[\/vc_column_text][vc_gallery type=&#8221;image_grid&#8221; images=&#8221;47086,47040,47042,47044,47046,47048,47050,47052,47054,47068,47066,47064,47062,47060,47058,47056,47072,47074,47076,47078,47080,47082,47084&#8243; img_size=&#8221;146&#215;146&#8243; onclick=&#8221;img_link_large&#8221; css=&#8221;&#8221;][vc_column_text css=&#8221;&#8221;]<\/p>\n<h3 class=\"MuiTypography-root MuiTypography-inherit MuiLink-root MuiLink-underlineHover css-fpwugc\">Talk on the book Hana Lasicov\u00e1 &#8211; Milan Lasica<\/h3>\n<p>[\/vc_column_text][vc_gallery type=&#8221;image_grid&#8221; images=&#8221;44214,44204,44200,44194,44173,44171,44165,44167,44180,44182,44184,44186,44192,44202,44208,44210,44212&#8243; img_size=&#8221;146&#215;146&#8243; onclick=&#8221;img_link_large&#8221; css=&#8221;&#8221;][vc_column_text css=&#8221;&#8221;]<\/p>\n<h3 class=\"MuiTypography-root MuiTypography-inherit MuiLink-root MuiLink-underlineHover css-fpwugc\">Bez \u0161epk\u00e1ra &#8211; talkshow Milana Kolcuna<\/h3>\n<p>[\/vc_column_text][vc_gallery type=&#8221;image_grid&#8221; images=&#8221;44269,44267,44265,44263,44261,44259,44257,44255,44253,44251,44249,44247,44245,44243,44241,44239,44237,44235,44233,44231,44229,44227,44225,44223,44221,44219,44217&#8243; img_size=&#8221;146&#215;146&#8243; onclick=&#8221;img_link_large&#8221; css=&#8221;&#8221;][vc_column_text css=&#8221;&#8221;]<\/p>\n<h3 class=\"MuiTypography-root MuiTypography-inherit MuiLink-root MuiLink-underlineHover css-fpwugc\">BIOS Standard Society<\/h3>\n<p>[\/vc_column_text][vc_gallery type=&#8221;image_grid&#8221; images=&#8221;44339,44341,44337,44335,44333,44331,44329,44327&#8243; img_size=&#8221;146&#215;146&#8243; onclick=&#8221;img_link_large&#8221; css=&#8221;&#8221;][vc_column_text css=&#8221;&#8221;]<\/p>\n<h3 class=\"MuiTypography-root MuiTypography-inherit MuiLink-root MuiLink-underlineHover css-fpwugc\">Hudba z pl\u00e1tna<\/h3>\n<p>[\/vc_column_text][vc_gallery type=&#8221;image_grid&#8221; images=&#8221;44343,44345,44347,44349,44351,44353,44355,44357,44359,44361,44363,44365,44367,44369&#8243; img_size=&#8221;146&#215;146&#8243; onclick=&#8221;img_link_large&#8221; css=&#8221;&#8221;][vc_column_text css=&#8221;&#8221;]<\/p>\n<h3 class=\"MuiTypography-root MuiTypography-inherit MuiLink-root MuiLink-underlineHover css-fpwugc\">PAPA quiz<\/h3>\n<p>[\/vc_column_text][vc_gallery type=&#8221;image_grid&#8221; images=&#8221;44527,44525,44523,44521,44519,44517,44515,44513,44511,44509,44507,44503,44501,44499,44497,44495,44493,44489,44487,44485,44481,44479,44477,44475&#8243; img_size=&#8221;146&#215;146&#8243; onclick=&#8221;img_link_large&#8221; css=&#8221;&#8221;][vc_column_text css=&#8221;&#8221;]<\/p>\n<h3 class=\"MuiTypography-root MuiTypography-inherit MuiLink-root MuiLink-underlineHover css-fpwugc\">Presentation of the upcoming film NEPELA<\/h3>\n<p>[\/vc_column_text][vc_gallery type=&#8221;image_grid&#8221; images=&#8221;44545,44543,44541,44539,44537,44535,44533,44531,44529&#8243; img_size=&#8221;146&#215;146&#8243; onclick=&#8221;img_link_large&#8221; css=&#8221;&#8221;][vc_column_text css=&#8221;&#8221;]<\/p>\n<h3 class=\"MuiTypography-root MuiTypography-inherit MuiLink-root MuiLink-underlineHover css-fpwugc\">Opening of the exhibition Helena Vondr\u00e1\u010dkov\u00e1: 60 Years on Stage<\/h3>\n<p>[\/vc_column_text][vc_gallery type=&#8221;image_grid&#8221; images=&#8221;45091,45089,45087,45085,45083,45081,45079,45077,45075,45073,45071,45069,45067,45065,45063,45061,45059,45057,45055,45053,45051,45049,45047,45045,45043,45041,45039,45037,45035,45033&#8243; img_size=&#8221;146&#215;146&#8243; onclick=&#8221;img_link_large&#8221; css=&#8221;&#8221;][vc_column_text css=&#8221;&#8221;]<\/p>\n<h3 class=\"MuiTypography-root MuiTypography-inherit MuiLink-root MuiLink-underlineHover css-fpwugc\">Talkshow Bal\u00e1\u017e &amp; Hubin\u00e1k<\/h3>\n<p>[\/vc_column_text][vc_gallery type=&#8221;image_grid&#8221; images=&#8221;45379,45381,45383,45385,45387,45389,45391,45393,45395,45397,45399,45401,45403,45405,45407,45409&#8243; img_size=&#8221;146&#215;146&#8243; onclick=&#8221;img_link_large&#8221; css=&#8221;&#8221;][vc_column_text css=&#8221;&#8221;]<\/p>\n<h3 class=\"MuiTypography-root MuiTypography-inherit MuiLink-root MuiLink-underlineHover css-fpwugc\">Industry &amp; Media Party<\/h3>\n<p>[\/vc_column_text][vc_gallery type=&#8221;image_grid&#8221; images=&#8221;45453,45455,45451,45449,45447,45445,45443,45441,45439,45437,45435,45433,45431,45429,45427,45425,45423,45421,45419,45417,45415,45413,45411&#8243; img_size=&#8221;146&#215;146&#8243; onclick=&#8221;img_link_large&#8221; css=&#8221;&#8221;][vc_column_text css=&#8221;&#8221;]<\/p>\n<h3 class=\"MuiTypography-root MuiTypography-inherit MuiLink-root MuiLink-underlineHover css-fpwugc\">Noci a r\u00e1na &#8211; Obrazy star\u00e9ho sveta<\/h3>\n<p>[\/vc_column_text][vc_gallery type=&#8221;image_grid&#8221; images=&#8221;45465,45463,45461,45459,45457&#8243; img_size=&#8221;146&#215;146&#8243; onclick=&#8221;img_link_large&#8221; css=&#8221;&#8221;][vc_column_text css=&#8221;&#8221;]<\/p>\n<h3 class=\"MuiTypography-root MuiTypography-inherit MuiLink-root MuiLink-underlineHover css-fpwugc\">Slow Talk s Havranom<\/h3>\n<p>[\/vc_column_text][vc_gallery type=&#8221;image_grid&#8221; images=&#8221;45489,45487,45485,45483,45481,45479,45477,45475,45473,45471,45469,45467&#8243; img_size=&#8221;146&#215;146&#8243; onclick=&#8221;img_link_large&#8221; css=&#8221;&#8221;][vc_column_text css=&#8221;&#8221;]<\/p>\n<h3 class=\"MuiTypography-root MuiTypography-inherit MuiLink-root MuiLink-underlineHover css-fpwugc\">Atmo\u0161\u0161\u0161ka v \u0160ume<\/h3>\n<p>[\/vc_column_text][vc_gallery type=&#8221;image_grid&#8221; images=&#8221;45831,45829,45827,45825,45823,45821,45819,45817,45815,45813,45811,45807,45805,45803,45793,45795,45799,45801,45797,45791,45789,45787,45785,45783,45773,45775,45777,45781,45771,45769,45767,45765,45763,45753,45755,45757,45759,45761,45751&#8243; img_size=&#8221;146&#215;146&#8243; onclick=&#8221;img_link_large&#8221; css=&#8221;&#8221;][vc_column_text css=&#8221;&#8221;]<\/p>\n<h3 class=\"MuiTypography-root MuiTypography-inherit MuiLink-root MuiLink-underlineHover css-fpwugc\">JOJ play presents &#8211; Cut to Black<\/h3>\n<p>[\/vc_column_text][vc_gallery type=&#8221;image_grid&#8221; images=&#8221;45963,45961,45959,45957,45955,45953,45951,45949,45947&#8243; img_size=&#8221;146&#215;146&#8243; onclick=&#8221;img_link_large&#8221; css=&#8221;&#8221;][vc_column_text css=&#8221;&#8221;]<\/p>\n<h3 class=\"MuiTypography-root MuiTypography-inherit MuiLink-root MuiLink-underlineHover css-fpwugc\">Sedem<\/h3>\n<p>[\/vc_column_text][vc_gallery type=&#8221;image_grid&#8221; images=&#8221;46011,46009,46007,46005,46003,46001,45999,45997,45995,45993,45991,45989,45987,45985,45983,45981,45979,45977,45975,45973,45971,45967,45965&#8243; img_size=&#8221;146&#215;146&#8243; onclick=&#8221;img_link_large&#8221; css=&#8221;&#8221;][vc_column_text css=&#8221;&#8221;]<\/p>\n<h3 class=\"MuiTypography-root MuiTypography-inherit MuiLink-root MuiLink-underlineHover css-fpwugc\">TV JOJ autograph signing session<\/h3>\n<p>[\/vc_column_text][vc_gallery type=&#8221;image_grid&#8221; images=&#8221;46563,46561,46559,46557,46555,46545,46547,46549,46551,46553,46543,46541,46539,46537,46535,46525,46527,46529,46531,46533,46523,46521,46519,46517,46515,46505,46507,46509,46511,46513,46503,46501,46499,46497,46495,46493&#8243; img_size=&#8221;146&#215;146&#8243; onclick=&#8221;img_link_large&#8221; css=&#8221;&#8221;][vc_column_text css=&#8221;&#8221;]<\/p>\n<h3 class=\"MuiTypography-root MuiTypography-inherit MuiLink-root MuiLink-underlineHover css-fpwugc\">Pretty Girls talk<\/h3>\n<p>[\/vc_column_text][vc_gallery type=&#8221;image_grid&#8221; images=&#8221;46615,46611,46609,46607,46605,46603,46601,46599,46597,46587,46589,46591,46593,46585,46583,46581,46579,46577,46567,46569,46571,46573,46575,46565&#8243; img_size=&#8221;146&#215;146&#8243; onclick=&#8221;img_link_large&#8221; css=&#8221;&#8221;][\/vc_tta_section][vc_tta_section title=&#8221;Interviews with filmmakers&#8221; tab_id=&#8221;1749594651204-c962bfbe-1475&#8243;][vc_column_text css=&#8221;&#8221;]<\/p>\n<h3>Interview: director Rastislav Boro\u0161 (Kronika ve\u010dn\u00fdch sn\u00edlkov \/ The Sluggard Clan)<\/h3>\n<p>[\/vc_column_text][vc_gallery type=&#8221;image_grid&#8221; images=&#8221;43896,43891,43887,43883,43875,43894,43889,43881,43879,43873,43871,43869,43866&#8243; img_size=&#8221;146&#215;146&#8243; css=&#8221;&#8221;][vc_btn title=&#8221;Pozrie\u0165 cel\u00fd rozhovor na YouTube&#8221; css=&#8221;&#8221; link=&#8221;url:https%3A%2F%2Fwww.youtube.com%2Fwatch%3Fv%3DbGAUhbuWE4Q|target:_blank&#8221;][vc_column_text css=&#8221;&#8221;]<\/p>\n<h3>Interview: director B<span class=\"yt-core-attributed-string yt-core-attributed-string--white-space-pre-wrap\" dir=\"auto\" role=\"text\"><span class=\"yt-core-attributed-string--link-inherit-color\" dir=\"auto\">\u00e5<\/span><\/span>rd Breien, producer Pavel Ber\u010d\u00edk, co-screenwriter Eske Troelstrup (Tie\u0148 v\u00ed\u0165azstva \/ Shadow of Victory)<\/h3>\n<p>[\/vc_column_text][vc_gallery type=&#8221;image_grid&#8221; images=&#8221;44035,44033,44031,44029,44027,44025,44023,44021,44019,44017,44015,44013,44011,44009,44007,44005,44003&#8243; img_size=&#8221;146&#215;146&#8243; css=&#8221;&#8221;][vc_btn title=&#8221;Pozrie\u0165 prv\u00fd rozhovor na YouTube&#8221; css=&#8221;&#8221; link=&#8221;url:https%3A%2F%2Fwww.youtube.com%2Fwatch%3Fv%3DSU24oz4-E3Q|target:_blank&#8221;][vc_btn title=&#8221;Pozrie\u0165 druh\u00fd rozhovor na YouTube&#8221; css=&#8221;&#8221; link=&#8221;url:https%3A%2F%2Fwww.youtube.com%2Fwatch%3Fv%3DCJVP9iiJQmo|target:_blank&#8221;][vc_btn title=&#8221;Pozrie\u0165 tret\u00ed rozhovor na YouTube&#8221; css=&#8221;&#8221; link=&#8221;url:https%3A%2F%2Fwww.youtube.com%2Fwatch%3Fv%3Df6mt5V6rt2Y|target:_blank&#8221;][vc_column_text css=&#8221;&#8221;]<\/p>\n<h3>Interview: director Du\u0161an Tran\u010d\u00edk, editor Peter Harum (Akcia Monaco \/ Operation Monaco)<\/h3>\n<p>[\/vc_column_text][vc_gallery type=&#8221;image_grid&#8221; images=&#8221;44555,44547,44549,44565,44571,44569,44567,44558,44551,44563,44561&#8243; img_size=&#8221;146&#215;146&#8243; css=&#8221;&#8221;][vc_btn title=&#8221;Pozrie\u0165 prv\u00fd rozhovor na YouTube&#8221; css=&#8221;&#8221; link=&#8221;url:https%3A%2F%2Fwww.youtube.com%2Fwatch%3Fv%3DIFrLf97wrAU|target:_blank&#8221;][vc_btn title=&#8221;Pozrie\u0165 druh\u00fd rozhovor na YouTube&#8221; css=&#8221;&#8221; link=&#8221;url:https%3A%2F%2Fwww.youtube.com%2Fwatch%3Fv%3DquUtHO5l6h8|target:_blank&#8221;][vc_btn title=&#8221;Pozrie\u0165 tret\u00ed rozhovor na YouTube&#8221; css=&#8221;&#8221; link=&#8221;url:https%3A%2F%2Fwww.youtube.com%2Fwatch%3Fv%3D5sp7xdIplbY|target:_blank&#8221;][vc_column_text css=&#8221;&#8221;]<\/p>\n<h3>Interview: director Kristi\u00e1n Grupa\u010d, Peter Varsav\u00edk, Maro\u0161 \u0160lapeta (Varso)<\/h3>\n<p>[\/vc_column_text][vc_gallery type=&#8221;image_grid&#8221; images=&#8221;45251,45253,45255,45257,45259,45261,45263,45265,45267,45269,45271&#8243; img_size=&#8221;146&#215;146&#8243; css=&#8221;&#8221;][vc_column_text css=&#8221;&#8221;]<\/p>\n<h3>Interview: producer Rifat Erkek (N\u00e1hradn\u00e9 diev\u010da \/ The Surrogate Girl)<\/h3>\n<p>[\/vc_column_text][vc_gallery type=&#8221;image_grid&#8221; images=&#8221;45377,45375,45373&#8243; img_size=&#8221;146&#215;146&#8243; css=&#8221;&#8221;][vc_btn title=&#8221;Pozrie\u0165 cel\u00fd rozhovor na YouTube&#8221; css=&#8221;&#8221; link=&#8221;url:https%3A%2F%2Fwww.youtube.com%2Fwatch%3Fv%3DT1ZX7_h22zQ|target:_blank&#8221;][vc_column_text css=&#8221;&#8221;]<\/p>\n<h3>R\u00e1dio Regina V\u00fdchod &#8211; LIVE<\/h3>\n<p>[\/vc_column_text][vc_gallery type=&#8221;image_grid&#8221; images=&#8221;45891,45889,45887,45885,45883,45881,45879,45877,45875,45873,45871,45869,45867,45865,45863,45861,45859,45857,45855,45853,45851,45849,45847,45845,45843,45841,45839,45837,45835,45833&#8243; img_size=&#8221;146&#215;146&#8243; css=&#8221;&#8221;][vc_column_text css=&#8221;&#8221;]<\/p>\n<h3>Interview: director Zhanna Ozirna (Medov\u00e9 t\u00fd\u017edne \/ Honeymoon)<\/h3>\n<p>[\/vc_column_text][vc_gallery type=&#8221;image_grid&#8221; images=&#8221;45903,45901,45899,45897,45895,45893&#8243; img_size=&#8221;146&#215;146&#8243; css=&#8221;&#8221;][vc_btn title=&#8221;Pozrie\u0165 cel\u00fd rozhovor na YouTube&#8221; css=&#8221;&#8221; link=&#8221;url:https%3A%2F%2Fwww.youtube.com%2Fwatch%3Fv%3Da8pL8MQf0rc|target:_blank&#8221;][vc_column_text css=&#8221;&#8221;]<\/p>\n<h3>Interview: producer Tom\u00e1\u0161 Krupa, actress Rebeka Pol\u00e1kov\u00e1, actor No\u00ebl Czuczor (Perla)<\/h3>\n<p>[\/vc_column_text][vc_gallery type=&#8221;image_grid&#8221; images=&#8221;45935,45933,45931,45929,45927,45925,45923,45921,45919,45917,45915,45913,45911,45909,45907,45905&#8243; img_size=&#8221;146&#215;146&#8243; css=&#8221;&#8221;][vc_btn title=&#8221;Pozrie\u0165 prv\u00fd rozhovor na YouTube&#8221; css=&#8221;&#8221; link=&#8221;url:https%3A%2F%2Fwww.youtube.com%2Fwatch%3Fv%3DN-sm5JGdF9I|target:_blank&#8221;][vc_btn title=&#8221;Pozrie\u0165 druh\u00fd rozhovor na YouTube&#8221; css=&#8221;&#8221; link=&#8221;url:https%3A%2F%2Fwww.youtube.com%2Fwatch%3Fv%3DwNw6yFOBmtA|target:_blank&#8221;][vc_btn title=&#8221;Pozrie\u0165 tret\u00ed rozhovor na YouTube&#8221; css=&#8221;&#8221; link=&#8221;url:https%3A%2F%2Fwww.youtube.com%2Fwatch%3Fv%3DcyeMKqYn9TM|target:_blank&#8221;][vc_column_text css=&#8221;&#8221;]<\/p>\n<h3>Interview: director <span class=\"yt-core-attributed-string yt-core-attributed-string--white-space-pre-wrap\" dir=\"auto\" role=\"text\"><span class=\"yt-core-attributed-string--link-inherit-color\" dir=\"auto\">Maria Zb\u0105ska\u00a0<\/span><\/span>(To nie je m\u00f4j film \/ It\u00b4s Not My Film)<\/h3>\n<p>[\/vc_column_text][vc_gallery type=&#8221;image_grid&#8221; images=&#8221;45945,45943,45941,45939,45937&#8243; img_size=&#8221;146&#215;146&#8243; css=&#8221;&#8221;][vc_btn title=&#8221;Pozrie\u0165 cel\u00fd rozhovor na YouTube&#8221; css=&#8221;&#8221; link=&#8221;url:https%3A%2F%2Fwww.youtube.com%2Fwatch%3Fv%3DfIkt5WxTa3k|target:_blank&#8221;][vc_column_text css=&#8221;&#8221;]<\/p>\n<h3>Interview: directors Milan Cyro\u0148 and Tom\u00e1\u0161 Uher (Lesja \/ Lesya)<\/h3>\n<p>[\/vc_column_text][vc_gallery type=&#8221;image_grid&#8221; images=&#8221;46089,46087,46085,46083,46081,46079,46077&#8243; img_size=&#8221;146&#215;146&#8243; css=&#8221;&#8221;][vc_btn title=&#8221;Pozrie\u0165 cel\u00fd rozhovor na YouTube&#8221; css=&#8221;&#8221; link=&#8221;url:https%3A%2F%2Fwww.youtube.com%2Fwatch%3Fv%3DNNXqJDtbmek|target:_blank&#8221;][vc_column_text css=&#8221;&#8221;]<\/p>\n<h3>Interview: director \u0160tef\u00e1nia Lovasov\u00e1 (Venu\u0161a v retrogr\u00e1de \/ Venus in Retrograde)<\/h3>\n<p>[\/vc_column_text][vc_gallery type=&#8221;image_grid&#8221; images=&#8221;46109,46107,46105&#8243; img_size=&#8221;146&#215;146&#8243; css=&#8221;&#8221;][vc_btn title=&#8221;Pozrie\u0165 cel\u00fd rozhovor na YouTube&#8221; css=&#8221;&#8221; link=&#8221;url:https%3A%2F%2Fwww.youtube.com%2Fwatch%3Fv%3DW9eLAgEUjQI|target:_blank&#8221;][vc_column_text css=&#8221;&#8221;]<\/p>\n<h3>Interview: director Martin Kollar, grading Lucia Kova\u013eov\u00e1 (Letopis \/ Chronicle)<\/h3>\n<p>[\/vc_column_text][vc_gallery type=&#8221;image_grid&#8221; images=&#8221;46103,46101,46099,46097,46095,46093,46091&#8243; img_size=&#8221;146&#215;146&#8243; css=&#8221;&#8221;][vc_btn title=&#8221;Pozrie\u0165 prv\u00fd rozhovor na YouTube&#8221; css=&#8221;&#8221; link=&#8221;url:https%3A%2F%2Fwww.youtube.com%2Fwatch%3Fv%3DocaNRQ3eLvQ|target:_blank&#8221;][vc_btn title=&#8221;Pozrie\u0165 druh\u00fd rozhovor na YouTube&#8221; css=&#8221;&#8221; link=&#8221;url:https%3A%2F%2Fwww.youtube.com%2Fwatch%3Fv%3DisurJ2la8_M|target:_blank&#8221;][vc_column_text css=&#8221;&#8221;]<\/p>\n<h3>Interview: director Dominik Kalivoda (Ve\u013ek\u00e9 fin\u00e1le PSO \/ The Grand Finale of PSO)<\/h3>\n<p>[\/vc_column_text][vc_gallery type=&#8221;image_grid&#8221; images=&#8221;46305,46297,46293,46291,46287,46279,46277&#8243; img_size=&#8221;146&#215;146&#8243; css=&#8221;&#8221;][vc_btn title=&#8221;Pozrie\u0165 cel\u00fd rozhovor na YouTube&#8221; css=&#8221;&#8221; link=&#8221;url:https%3A%2F%2Fwww.youtube.com%2Fwatch%3Fv%3D9cCmmgKPqvc|target:_blank&#8221;][vc_column_text css=&#8221;&#8221;]<\/p>\n<h3>Interview: director Rebeka Bizubov\u00e1 (Spove\u010f \/ Confession)<\/h3>\n<p>[\/vc_column_text][vc_gallery type=&#8221;image_grid&#8221; images=&#8221;46309,46301,46283,46275,46271&#8243; img_size=&#8221;146&#215;146&#8243; css=&#8221;&#8221;][vc_btn title=&#8221;Pozrie\u0165 cel\u00fd rozhovor na YouTube&#8221; css=&#8221;&#8221; link=&#8221;url:https%3A%2F%2Fwww.youtube.com%2Fwatch%3Fv%3D4y0A0-lDrbo|target:_blank&#8221;][vc_column_text css=&#8221;&#8221;]<\/p>\n<h3>Interview: director <span class=\"yt-core-attributed-string yt-core-attributed-string--white-space-pre-wrap\" dir=\"auto\" role=\"text\"><span class=\"yt-core-attributed-string--link-inherit-color\" dir=\"auto\">Marie-Camille Loutan (<\/span><\/span>Toubab)<\/h3>\n<p>[\/vc_column_text][vc_gallery type=&#8221;image_grid&#8221; images=&#8221;46307,46303,46299,46295,46281&#8243; img_size=&#8221;146&#215;146&#8243; css=&#8221;&#8221;][vc_btn title=&#8221;Pozrie\u0165 cel\u00fd rozhovor na YouTube&#8221; css=&#8221;&#8221; link=&#8221;url:https%3A%2F%2Fwww.youtube.com%2Fwatch%3Fv%3DW8sNe1Ts2Wk|target:_blank&#8221;][vc_column_text css=&#8221;&#8221;]<\/p>\n<h3>Interview: director J\u00e1n Nov\u00e1k, screenwriter Hana Lasicov\u00e1 (Mi\u0161a v Ko\u0161iciach \/ Mi\u0161a in Ko\u0161ice &#8211; TV miniserie)<\/h3>\n<p>[\/vc_column_text][vc_gallery type=&#8221;image_grid&#8221; images=&#8221;46729,46727,46725,46723,46721,46711,46713,46715,46717,46719,46709,46707,46705&#8243; img_size=&#8221;146&#215;146&#8243; css=&#8221;&#8221;][vc_btn title=&#8221;Pozrie\u0165 prv\u00fd rozhovor na YouTube&#8221; css=&#8221;&#8221; link=&#8221;url:https%3A%2F%2Fwww.youtube.com%2Fwatch%3Fv%3Dbutz5cVLzj4|target:_blank&#8221;][vc_btn title=&#8221;Pozrie\u0165 druh\u00fd rozhovor na YouTube&#8221; css=&#8221;&#8221; link=&#8221;url:https%3A%2F%2Fwww.youtube.com%2Fwatch%3Fv%3Dl31frs4N3DI|target:_blank&#8221;][vc_column_text css=&#8221;&#8221;]<\/p>\n<h3><b>Interview: director Alexandre O. Philippe (Chain Reactions)<\/b><\/h3>\n<p>[\/vc_column_text][vc_gallery type=&#8221;image_grid&#8221; images=&#8221;47424,47426,47428,47430,47440&#8243; img_size=&#8221;146&#215;146&#8243; css=&#8221;&#8221;][vc_btn title=&#8221;Pozrie\u0165 cel\u00fd rozhovor na YouTube&#8221; css=&#8221;&#8221; link=&#8221;url:https%3A%2F%2Fwww.youtube.com%2Fwatch%3Fv%3DA9L6BbKKO6E|target:_blank&#8221;][vc_column_text css=&#8221;&#8221;]<\/p>\n<h3><b>Interview: director Martin \u0160ul\u00edk, screenwriter Marek Le\u0161\u010d\u00e1k (Z\u00e1hrada \/ The Garden)<\/b><\/h3>\n<p>[\/vc_column_text][vc_gallery type=&#8221;image_grid&#8221; images=&#8221;47436,47438&#8243; img_size=&#8221;146&#215;146&#8243; css=&#8221;&#8221;][vc_btn title=&#8221;Pozrie\u0165 cel\u00fd rozhovor na YouTube&#8221; css=&#8221;&#8221; link=&#8221;url:https%3A%2F%2Fwww.youtube.com%2Fwatch%3Fv%3DR-PdXLt1wq0|target:_blank&#8221;][vc_column_text css=&#8221;&#8221;]<\/p>\n<h3><b>Interview: director Marko \u0160kop (Nech je svetlo \/ Let There Be Light)<\/b><\/h3>\n<p>[\/vc_column_text][vc_gallery type=&#8221;image_grid&#8221; images=&#8221;47434,47432&#8243; img_size=&#8221;146&#215;146&#8243; css=&#8221;&#8221;][vc_btn title=&#8221;Pozrie\u0165 cel\u00fd rozhovor na YouTube&#8221; css=&#8221;&#8221; link=&#8221;url:https%3A%2F%2Fwww.youtube.com%2Fwatch%3Fv%3DIytG8cxJbFc|target:_blank&#8221;][\/vc_tta_section][vc_tta_section title=&#8221;Closing ceremony&#8221; tab_id=&#8221;1749594651276-9eeab2d6-18e4&#8243;][vc_column_text css=&#8221;&#8221;]<\/p>\n<h3>Red carpet<\/h3>\n<p>[\/vc_column_text][vc_gallery type=&#8221;image_grid&#8221; images=&#8221;44699,44697,44695,44693,44691,44689,44687,44685,44683,44679,44681,44677,44675,44673,44671,44669,44667,44665,44663,44661,44659,44657,44655,44653,44651,44649,44647,44645,44643,44641,44701,44639,44637,44635,44633&#8243; img_size=&#8221;146&#215;146&#8243; css=&#8221;&#8221;][vc_column_text css=&#8221;&#8221;]<\/p>\n<h3>Award presentation<\/h3>\n<p>[\/vc_column_text][vc_gallery type=&#8221;image_grid&#8221; images=&#8221;44714,44716,44718,44720,44722,44724,44726,44728,44730,44732,44734,44736,44738,44740,44742,44744,44746,44748,44750,44752,44754,44756,44758,44760,44762,44764,44766,44768,44770,44772,44774,44776,44778,44780,44781,44783,44785,44787,44789,44791,44793,44795,44797,44799,44801,44803,44805,44807&#8243; img_size=&#8221;146&#215;146&#8243; css=&#8221;&#8221;][vc_column_text css=&#8221;&#8221;]<\/p>\n<h3>Photo wall<\/h3>\n<p>[\/vc_column_text][vc_gallery type=&#8221;image_grid&#8221; images=&#8221;45026,45024,45022,45020,45018,45016,45014,45012,45010,45008,45006,45003,45001,44999,44997,44995,44993,44991,44989,44987,44985,44983,44981,44979,44977,44975,44973,44971,44969,44966,44964,44962,44960,44958,44956,44954,44952,44950,44948,44946,44944,44942,44940,44938,44936,44934,44931,44929,44927,44925,44923,44921,44919,44917,44915,44913,44911,44909,44907,44905,44903,44901,44899,44897,44895,44893,44891,44889,44887,44885,44883,44881,44879,44877,44875,44873,44871,44869,44867,44865&#8243; img_size=&#8221;146&#215;146&#8243; css=&#8221;&#8221;][\/vc_tta_section][vc_tta_section title=&#8221;Guests&#8221; tab_id=&#8221;1749594651567-bd9f4d7f-729a&#8221;][vc_column_text css=&#8221;&#8221;]<\/p>\n<h3>Festival guests through the lens of <span class=\"hover:entity-accent entity-underline inline cursor-pointer align-baseline\"><span class=\"whitespace-normal\">Waldemar \u0160v\u00e1bensk\u00fd<\/span><\/span><\/h3>\n<p>[\/vc_column_text][vc_gallery type=&#8221;image_grid&#8221; images=&#8221;47316,47318,47320,47322,47324,47326,47328,47330,47332,47334,47336,47338,47340,47342,47344,47346,47348,47350,47352,47354,47356,47358,47360,47362,47364,47366,47368,47370,47372,47374,47376,47378,47380,47382,47384,47386,47388,47390,47392,47394,47396,47398&#8243; img_size=&#8221;146&#215;146&#8243; css=&#8221;&#8221;][\/vc_tta_section][vc_tta_section title=&#8221;Jury&#8221; tab_id=&#8221;1749594651646-faaa3a16-2f4d&#8221;][vc_column_text css=&#8221;&#8221;]<\/p>\n<section class=\"text-token-text-primary w-full focus:outline-none [--shadow-height:45px] has-data-writing-block:pointer-events-none has-data-writing-block:-mt-(--shadow-height) has-data-writing-block:pt-(--shadow-height) [&amp;:has([data-writing-block])&gt;*]:pointer-events-auto scroll-mt-[calc(var(--header-height)+min(200px,max(70px,20svh)))]\" dir=\"auto\" data-turn-id=\"request-WEB:786685f6-cbcd-4ec2-8ff1-eb070e0c5273-40\" data-testid=\"conversation-turn-82\" data-scroll-anchor=\"true\" data-turn=\"assistant\">\n<div class=\"text-base my-auto mx-auto pb-10 [--thread-content-margin:var(--thread-content-margin-xs,calc(var(--spacing)*4))] @w-sm\/main:[--thread-content-margin:var(--thread-content-margin-sm,calc(var(--spacing)*6))] @w-lg\/main:[--thread-content-margin:var(--thread-content-margin-lg,calc(var(--spacing)*16))] px-(--thread-content-margin)\">\n<div class=\"[--thread-content-max-width:40rem] @w-lg\/main:[--thread-content-max-width:48rem] mx-auto max-w-(--thread-content-max-width) flex-1 group\/turn-messages focus-visible:outline-hidden relative flex w-full min-w-0 flex-col agent-turn\">\n<div class=\"flex max-w-full flex-col gap-4 grow\">\n<div class=\"min-h-8 text-message relative flex w-full flex-col items-end gap-2 text-start break-words whitespace-normal outline-none keyboard-focused:focus-ring [.text-message+&amp;]:mt-1\" dir=\"auto\" tabindex=\"0\" data-message-author-role=\"assistant\" data-message-id=\"af5eba64-b011-425b-9f21-fae44d07e697\" data-message-model-slug=\"gpt-5-3\" data-turn-start-message=\"true\">\n<div class=\"flex w-full flex-col gap-1 empty:hidden\">\n<div class=\"markdown prose dark:prose-invert w-full wrap-break-word light markdown-new-styling\">\n<h3 data-start=\"0\" data-end=\"54\">Jury of the International Competition of Feature Films<\/h3>\n<\/div>\n<\/div>\n<\/div>\n<\/div>\n<\/div>\n<\/div>\n<\/section>\n<p>[\/vc_column_text][vc_gallery type=&#8221;image_grid&#8221; images=&#8221;44113,44111,44109,44107,44103,44101,44095,44093,44089,44087,44083,44080,44077,44075,44071,44066&#8243; img_size=&#8221;146&#215;146&#8243; css=&#8221;&#8221;][vc_btn title=&#8221;Cel\u00fd rozhovor s &#8220;Alexandre O. Phillipe&#8220; na YouTube&#8221; css=&#8221;&#8221; link=&#8221;url:https%3A%2F%2Fyoutu.be%2FFmxtqgLN8tg|target:_blank&#8221;][vc_btn title=&#8221;Cel\u00fd rozhovor s &#8220;Gl\u00f3ria Hal\u00e1sz&#8220; na YouTube&#8221; css=&#8221;&#8221; link=&#8221;url:https%3A%2F%2Fyoutu.be%2FR3V7qfPZqWI|target:_blank&#8221;][vc_btn title=&#8221;Cel\u00fd rozhovor s &#8220;Marko \u0160kop&#8220; na YouTube&#8221; css=&#8221;&#8221; link=&#8221;url:https%3A%2F%2Fyoutu.be%2Fps3jkrXk8dQ|target:_blank&#8221;][vc_column_text css=&#8221;&#8221;]<\/p>\n<h3>Jury of the International Competition of Films from Central and Eastern Europe<\/h3>\n<p>[\/vc_column_text][vc_gallery type=&#8221;image_grid&#8221; images=&#8221;43918,43938,43936,43934,43932,43928,43926,43922,43920,43916,43914,43910,43908,43906,43904,43902&#8243; img_size=&#8221;146&#215;146&#8243; css=&#8221;&#8221;][vc_btn title=&#8221;Cel\u00fd rozhovor s &#8220;Anders E. Larsson&#8220; na YouTube&#8221; css=&#8221;&#8221; link=&#8221;url:https%3A%2F%2Fyoutu.be%2FBOdrwTD4_q0|target:_blank&#8221;][vc_btn title=&#8221;Cel\u00fd rozhovor s &#8220;Andr\u00e9 Rapha\u00ebl Ivanov&#8220; na YouTube&#8221; css=&#8221;&#8221; link=&#8221;url:https%3A%2F%2Fyoutu.be%2FDb9Uc6qKIH0|target:_blank&#8221;][vc_btn title=&#8221;Cel\u00fd rozhovor s &#8220;Elena Rubashevska&#8220; na YouTube&#8221; css=&#8221;&#8221; link=&#8221;url:https%3A%2F%2Fyoutu.be%2F6Ssft9XxDwA|target:_blank&#8221;][vc_column_text css=&#8221;&#8221;]<\/p>\n<h3>Jury of the International Competition of Short Films<\/h3>\n<p>[\/vc_column_text][vc_gallery type=&#8221;image_grid&#8221; images=&#8221;44625,44623,44621,44619,44617,44615,44613,44607,44605,44603,44601,44595,44585,44583,44581,44577&#8243; img_size=&#8221;146&#215;146&#8243; css=&#8221;&#8221;][vc_btn title=&#8221;Cel\u00fd rozhovor s &#8220;Alica Bednarikova&#8220; na YouTube&#8221; css=&#8221;&#8221; link=&#8221;url:https%3A%2F%2Fyoutu.be%2FZKAJi-7ehAU|target:_blank&#8221;][vc_btn title=&#8221;Cel\u00fd rozhovor s &#8220;Timea Husz\u00e1r&#8220; na YouTube&#8221; css=&#8221;&#8221; link=&#8221;url:https%3A%2F%2Fyoutu.be%2FDdSb96ahcWk|target:_blank&#8221;][vc_btn title=&#8221;Cel\u00fd rozhovor s &#8220;Zornitsa Dimitrova&#8220; na YouTube&#8221; css=&#8221;&#8221; link=&#8221;url:https%3A%2F%2Fyoutu.be%2F81LYWFBNc9s|target:_blank&#8221;][vc_column_text css=&#8221;&#8221;]<\/p>\n<h3><span class=\"hover:entity-accent entity-underline inline cursor-pointer align-baseline\"><span class=\"whitespace-normal\">FIPRESCI<\/span><\/span> Jury<\/h3>\n<p>[\/vc_column_text][vc_gallery type=&#8221;image_grid&#8221; images=&#8221;43578,43574,43572,43581,43576,45177,45175,45173,45167,45161,45159,45155,45151,45149,45145,45143&#8243; img_size=&#8221;146&#215;146&#8243; css=&#8221;&#8221;][vc_btn title=&#8221;Cel\u00fd rozhovor s &#8220;Malik Berkati&#8220; na YouTube&#8221; css=&#8221;&#8221; link=&#8221;url:https%3A%2F%2Fyoutu.be%2FUP3MabhX0j0|target:_blank&#8221;][vc_btn title=&#8221;Cel\u00fd rozhovor s &#8220;M\u00e1ria Feren\u010duhov\u00e1&#8220; na YouTube&#8221; css=&#8221;&#8221; link=&#8221;url:https%3A%2F%2Fyoutu.be%2FPV5PyV-zPM0|target:_blank&#8221;][vc_btn title=&#8221;Cel\u00fd rozhovor s &#8220;Jonathan Murray&#8220; na YouTube&#8221; css=&#8221;&#8221; link=&#8221;url:https%3A%2F%2Fyoutu.be%2FxmDD7ZFKXuU|target:_blank&#8221;][\/vc_tta_section][\/vc_tta_tabs][vc_column_text css=&#8221;&#8221;]<\/p>\n<p style=\"text-align: right;\">\u00a9 Copyright IFF ART FILM, photo authors: Peter Stas, Luk\u00e1\u0161 Klimek, Marek Vavru\u0161, Marek E\u0161to\u010din, Miroslav Ma\u0165o, Waldemar \u0160v\u00e1bensk\u00fd and others.<\/p>\n<p>[\/vc_column_text][\/vc_column][\/vc_row][vc_row][vc_column][vc_column_text css=&#8221;&#8221;]<\/p>\n<h1 id=\"zaverecna-tlacova-sprava\">Final Press Release<\/h1>\n<p>[\/vc_column_text][vc_empty_space][vc_column_text css=&#8221;&#8221;]<\/p>\n<p data-start=\"0\" data-end=\"1032\">The 31st edition (2025) of IFF Art Film, the largest and oldest film festival in Slovakia, expanded once again this year. The winning films were awarded the prestigious <strong data-start=\"169\" data-end=\"190\">Blue Angel Awards<\/strong>. In addition to the three established competition sections\u2014the <strong data-start=\"254\" data-end=\"300\">International Competition of Feature Films<\/strong>, the <strong data-start=\"306\" data-end=\"350\">International Competition of Short Films<\/strong>, and the <strong data-start=\"360\" data-end=\"430\">International Competition of Films from Central and Eastern Europe<\/strong>\u2014this year also introduced the <strong data-start=\"461\" data-end=\"492\">Blue Angel \u2013 FIPRESCI Award<\/strong>, presented by the distinguished jury of the International Federation of Film Critics. The juries also recognized the best acting performances, directing, and presented several special mentions. During the festival, honorary awards were also presented\u2014for the first time, the <strong data-start=\"768\" data-end=\"790\">Milan Lasica Award<\/strong> was introduced, with <strong data-start=\"812\" data-end=\"828\">Ivan Mistr\u00edk<\/strong> becoming its first laureate; the <strong data-start=\"862\" data-end=\"887\">Actor\u2019s Mission Award<\/strong> was presented by the organizers to <strong data-start=\"923\" data-end=\"939\">Milan Ondr\u00edk<\/strong> and <strong data-start=\"944\" data-end=\"964\">Daniela Kol\u00e1\u0159ov\u00e1<\/strong>; and the <strong data-start=\"974\" data-end=\"997\">Golden Camera Award<\/strong> was presented to <strong data-start=\"1015\" data-end=\"1031\">Martin \u0160trba<\/strong>.<\/p>\n<p data-start=\"1034\" data-end=\"1745\">The honorary <strong data-start=\"1047\" data-end=\"1070\">Golden Camera Award<\/strong> for outstanding contribution to cinematography was presented to <strong data-start=\"1135\" data-end=\"1151\">Martin \u0160trba<\/strong>, a four-time recipient of the Czech Lion Award and three-time recipient of the Sun in a Net Award, an exceptional cinematographer and filmmaker. The award was presented by director <strong data-start=\"1333\" data-end=\"1350\">Iveta Gr\u00f3fov\u00e1<\/strong>. Another honorary award\u2014the <strong data-start=\"1379\" data-end=\"1404\">Actor\u2019s Mission Award<\/strong> for extraordinary contribution to the art of acting in film\u2014was granted to actress <strong data-start=\"1488\" data-end=\"1508\">Daniela Kol\u00e1\u0159ov\u00e1<\/strong>, who was unable to attend the festival due to health reasons. The Actor\u2019s Mission Award was received during the opening ceremony at Kunsthalle Ko\u0161ice by <strong data-start=\"1662\" data-end=\"1678\">Milan Ondr\u00edk<\/strong>, presented by actress <strong data-start=\"1701\" data-end=\"1716\">Jana O\u013ehov\u00e1<\/strong> and director <strong data-start=\"1730\" data-end=\"1744\">Marko \u0160kop<\/strong>.<\/p>\n<p data-start=\"1747\" data-end=\"2173\">Through the honorary <strong data-start=\"1768\" data-end=\"1790\">Milan Lasica Award<\/strong>, the organizers aim to permanently commemorate the memory of the festival\u2019s first and only president. The award is presented <em data-start=\"1916\" data-end=\"1929\">in memoriam<\/em> to outstanding figures of Slovak cinematography. <strong data-start=\"1979\" data-end=\"1996\">Hana Lasicov\u00e1<\/strong>, together with her daughters <strong data-start=\"2026\" data-end=\"2035\">Stela<\/strong> and <strong data-start=\"2040\" data-end=\"2049\">Ester<\/strong>, presented the award to the family of the legendary <strong data-start=\"2102\" data-end=\"2118\">Ivan Mistr\u00edk<\/strong>, whose 90th birth anniversary is commemorated in 2025.<\/p>\n<p data-start=\"2175\" data-end=\"2364\">As every year, the audience of IFF Art Film selected the best film. The <strong data-start=\"2247\" data-end=\"2290\">JOJ Cinema Award for Best Audience Film<\/strong> went to <em data-start=\"2299\" data-end=\"2308\">Lioness<\/em>, directed by <strong data-start=\"2322\" data-end=\"2350\">Liina Tri\u0161kina-Vanhatalo<\/strong> from Estonia.<\/p>\n<p data-start=\"2366\" data-end=\"3639\">The professional jury of the <strong data-start=\"2395\" data-end=\"2439\">International Competition of Short Films<\/strong> consisted of Hungarian film producer <strong data-start=\"2477\" data-end=\"2493\">Timea Husz\u00e1r<\/strong>, Slovak director <strong data-start=\"2511\" data-end=\"2532\">Alica Bedn\u00e1rikov\u00e1<\/strong>, and director <strong data-start=\"2547\" data-end=\"2569\">Zornitsa Dimitrova<\/strong>, originally from Bulgaria. They decided to award the <strong data-start=\"2623\" data-end=\"2657\">Blue Angel for Best Short Film<\/strong>, together with a financial prize of \u20ac500, to the Slovak short film <em data-start=\"2725\" data-end=\"2737\">Confession<\/em> (2024), directed by <strong data-start=\"2758\" data-end=\"2777\">Rebeka Bizubov\u00e1<\/strong>. \u201cThis is a cinematic work that strikes the viewer like a punch. Here we see the very essence of filmmaking laid bare\u2014a raw and honest story told in a powerful yet simple way. The courage and mastery required to tell such a deeply personal story are more than remarkable. Hats off,\u201d stated the jury. In addition to the main award, the jury also presented two Special Mentions. The first went to <em data-start=\"3173\" data-end=\"3176\">O<\/em> (2024), directed by <strong data-start=\"3197\" data-end=\"3216\">R\u00fanar R\u00fanarsson<\/strong>, praised for its sincere approach to a challenging subject: \u201cAn authentic and delicate, yet heartbreaking work that does not hesitate to show addiction in all its rawness. Masterfully handled.\u201d Another Special Mention went to <em data-start=\"3443\" data-end=\"3468\">Funeral Service for You<\/em> (2024), directed by <strong data-start=\"3489\" data-end=\"3508\">Mar\u00eda Slafranca<\/strong>: \u201cA truly refreshing and absurd cinematic piece. It moves between comedy, documentary, and advertising. An absolute joy to watch.\u201d<\/p>\n<p data-start=\"3641\" data-end=\"4790\">The professional jury of the <strong data-start=\"3670\" data-end=\"3740\">International Competition of Films from Central and Eastern Europe<\/strong> consisted of FIPRESCI Vice-President, Ukrainian director, journalist and film critic <strong data-start=\"3826\" data-end=\"3847\">Elena Rubashevska<\/strong>, international talent agent from France <strong data-start=\"3888\" data-end=\"3912\">Andr\u00e9 Rapha\u00ebl Ivanov<\/strong>, and Swedish multimedia critic and artist <strong data-start=\"3955\" data-end=\"3976\">Anders E. Larsson<\/strong>. They awarded the <strong data-start=\"3995\" data-end=\"4023\">Blue Angel for Best Film<\/strong> in this category to the time-lapse documentary <em data-start=\"4071\" data-end=\"4093\">I Was Born a Servant<\/em> (2025), directed by <strong data-start=\"4114\" data-end=\"4132\">Attila Moharos<\/strong>, which follows the difficult lives of two brothers in Transylvania, Romania. According to the jury: \u201cBorn in the harsh and stressful conditions of Hungarian-speaking rural areas of Transylvania in central Romania, experienced filmmaker Attila Moharos follows in his documentary the complex life of a farmhand and shepherd over the course of 23 years. Using a simple yet effective aesthetic technique interweaving past and present events, he brings us a deeply human story\u2014marked by alcoholism and abuse\u2014about a form of slavery most people have never even heard of.\u201d Along with the Blue Angel Award, the film\u2019s producers received a financial prize of \u20ac1,500.<\/p>\n<p data-start=\"4792\" data-end=\"5599\">In the <strong data-start=\"4799\" data-end=\"4845\">International Competition of Feature Films<\/strong>, the jury consisted of American director <strong data-start=\"4887\" data-end=\"4912\">Alexandre O. Philippe<\/strong>, Slovak director and producer <strong data-start=\"4943\" data-end=\"4957\">Marko \u0160kop<\/strong>, and Hungarian director <strong data-start=\"4982\" data-end=\"4999\">Gl\u00f3ria Hal\u00e1sz<\/strong>. The <strong data-start=\"5005\" data-end=\"5041\">Blue Angel for Best Feature Film<\/strong> was awarded to the Macedonian drama <em data-start=\"5078\" data-end=\"5088\">DJ Ahmet<\/em> (2025). Jury member <strong data-start=\"5109\" data-end=\"5134\">Alexandre O. Philippe<\/strong> explained the decision: \u201cThe award for Best Film goes to a work that boldly tells a story about the power of love. It shows us that if we follow the rhythm within ourselves and express our individuality without fear or shame, we all have the ability to free ourselves from the oppressive forces of the world around us. With great pride, we award the Blue Angel for Best Film to <em data-start=\"5513\" data-end=\"5523\">DJ Ahmet<\/em>.\u201d Along with the award, the producers received a financial prize of \u20ac2,000.<\/p>\n<p data-start=\"5601\" data-end=\"6077\">The <strong data-start=\"5605\" data-end=\"5637\">Blue Angel for Best Director<\/strong> was also awarded to <strong data-start=\"5658\" data-end=\"5680\">Georgi M. Unkovski<\/strong> for <em data-start=\"5685\" data-end=\"5695\">DJ Ahmet<\/em> (2025). \u201cThe Blue Angel for Best Director goes to an exceptional storyteller who created a whimsical and magical world and, with an incredibly fluid, simple, and clear vision, delivered a heartbreaking and perfectly original story of star-crossed lovers in rural Macedonia. For casting the film with precision and directing it with great care and emotion,\u201d added <strong data-start=\"6059\" data-end=\"6076\">Gl\u00f3ria Hal\u00e1sz<\/strong>.<\/p>\n<p data-start=\"6079\" data-end=\"6758\">In addition to directing and Best Film, the international jury also recognized acting performances. The <strong data-start=\"6183\" data-end=\"6214\">Blue Angel for Best Actress<\/strong> was awarded by <strong data-start=\"6230\" data-end=\"6244\">Marko \u0160kop<\/strong> and the Director of the Slovak Audiovisual Fund <strong data-start=\"6293\" data-end=\"6314\">Vladim\u00edr Burianek<\/strong> jointly to <strong data-start=\"6326\" data-end=\"6344\">Vesta Matulyt\u0117<\/strong> and <strong data-start=\"6349\" data-end=\"6368\">Ieva Rupeikait\u0117<\/strong> for their performances in the Lithuanian film <em data-start=\"6415\" data-end=\"6422\">Toxic<\/em> (2024). \u201cThe award for Best Actress goes to a dual performance by two young actresses of remarkable determination portraying teenage girls dreaming of a better life in harsh and unforgiving conditions. We were deeply moved by the authenticity of their dynamic, and in our opinion both deserve to share the Blue Angel for Best Actress.\u201d<\/p>\n<p data-start=\"6760\" data-end=\"7268\">The jury also recognized Best Actor, awarding the <strong data-start=\"6810\" data-end=\"6824\">Blue Angel<\/strong> to <strong data-start=\"6828\" data-end=\"6842\">Arif Jakup<\/strong> for his convincing and authentic performance in <em data-start=\"6891\" data-end=\"6901\">DJ Ahmet<\/em> (2025). \u201cThe award for Best Actor goes to a young and promising actor who demonstrates complete mastery of his craft, stands out with charm and sincerity, and fully convinces us of the transformative power and potential of love in a cynical world,\u201d said <strong data-start=\"7156\" data-end=\"7173\">Gl\u00f3ria Hal\u00e1sz<\/strong>, announcing the winner together with <strong data-start=\"7211\" data-end=\"7230\">Zlatica Vargov\u00e1<\/strong>, Administrator of the SPP Foundation.<\/p>\n<p data-start=\"7270\" data-end=\"7616\">The jury also decided to present a Special Mention to Slovak actress <strong data-start=\"7339\" data-end=\"7358\">Rebeka Pol\u00e1kov\u00e1<\/strong> for her performance in the Austrian-Slovak film <em data-start=\"7407\" data-end=\"7414\">Perla<\/em> (2025). The decision was announced by <strong data-start=\"7453\" data-end=\"7478\">Alexandre O. Philippe<\/strong>: \u201cFor a fascinating performance portraying a character haunted by conflicting desires in the complex environment of the Cold War period.\u201d<\/p>\n<p data-start=\"7618\" data-end=\"8744\" data-is-last-node=\"\" data-is-only-node=\"\">The <strong data-start=\"7622\" data-end=\"7640\">FIPRESCI Award<\/strong> was also presented by members of the International Federation of Film Critics\u2014Slovak film theorist and critic <strong data-start=\"7751\" data-end=\"7772\">M\u00e1ria Feren\u010duhov\u00e1<\/strong>, British professor of film theory and critic <strong data-start=\"7818\" data-end=\"7837\">Jonathan Murray<\/strong>, and Swiss film critic <strong data-start=\"7861\" data-end=\"7878\">Malik Berkati<\/strong>. They chose to award the Austrian-Slovak film <em data-start=\"7925\" data-end=\"7932\">Perla<\/em> (2024), which tells the story of an emigrant and impulsive painter returning from Vienna to communist Czechoslovakia to repay an old debt. \u201cOur winner is an ambitious and penetrating work that avoids the false certainties of retrospective reflection and resists quick judgments. It illuminates both the politically charged past and present of Europe through themes of individual and collective exile, trauma, and systemic violence against women that persists to this day. Its dramaturgy and cinematography are united in their attempt to capture the complex and shifting nature of human identity. The visual style and narrative structure together create compositions reminiscent of paintings\u2014subtle metaphors and reflections of the protagonist, her multilayered identity and past,\u201d the international jury stated.<\/p>\n<p>[\/vc_column_text][\/vc_column][\/vc_row][vc_row][vc_column][vc_column_text css=&#8221;&#8221;]<\/p>\n<h1 id=\"katalog-program-ocenenia\">Catalog, Program and Brochure<\/h1>\n<p>[\/vc_column_text][\/vc_column][\/vc_row][vc_row][vc_column width=&#8221;1\/3&#8243;][vc_single_image image=&#8221;47311&#8243; img_size=&#8221;full&#8221; style=&#8221;vc_box_border&#8221; onclick=&#8221;custom_link&#8221; img_link_target=&#8221;_blank&#8221; css=&#8221;&#8221; link=&#8221;\/wp-content\/uploads\/2025\/07\/IFF_Art_Film_25_katalog-2025-v3.pdf&#8221;][\/vc_column][vc_column width=&#8221;1\/3&#8243;][vc_single_image image=&#8221;47299&#8243; img_size=&#8221;full&#8221; style=&#8221;vc_box_border&#8221; onclick=&#8221;custom_link&#8221; img_link_target=&#8221;_blank&#8221; css=&#8221;&#8221; link=&#8221;\/wp-content\/uploads\/2025\/07\/IFF_Art_Film_25_bulletin-2025.pdf&#8221;][\/vc_column][vc_column width=&#8221;1\/3&#8243;][vc_single_image image=&#8221;47402&#8243; img_size=&#8221;full&#8221; style=&#8221;vc_box_border&#8221; onclick=&#8221;custom_link&#8221; img_link_target=&#8221;_blank&#8221; css=&#8221;&#8221; link=&#8221;\/wp-content\/uploads\/2025\/10\/IFF-Art-Film-Kosice-2025-Slovakia.pdf&#8221;][vc_empty_space height=&#8221;15px&#8221;][vc_btn title=&#8221;LIST OF MOVIES in the MyCinepass reservation system&#8221; size=&#8221;lg&#8221; align=&#8221;center&#8221; css=&#8221;&#8221; button_block=&#8221;true&#8221; link=&#8221;url:https%3A%2F%2Faff.cinepass.sk%2Fen%2Fmovies%2F%3FfestivalYear%3D7da3fc0d-b66a-4a44-8d38-b45959ed5784|title:odkaz%20na%20rezervacny%20system|target:_blank&#8221;][vc_empty_space height=&#8221;15px&#8221;][vc_btn title=&#8221;LIST OF EVENTS in the MyCinepass reservation system&#8221; size=&#8221;lg&#8221; align=&#8221;center&#8221; css=&#8221;&#8221; button_block=&#8221;true&#8221; link=&#8221;url:https%3A%2F%2Faff.cinepass.sk%2Fen%2Faccompanying-events%2F%3FfestivalYear%3D7da3fc0d-b66a-4a44-8d38-b45959ed5784|title:odkaz%20na%20rezervacny%20system|target:_blank&#8221;][vc_empty_space height=&#8221;15px&#8221;][vc_btn title=&#8221;FESTIVAL GUESTS&#8221; size=&#8221;lg&#8221; align=&#8221;center&#8221; css=&#8221;&#8221; button_block=&#8221;true&#8221; link=&#8221;url:%2Fguest-2025%2F|title:odkaz%20na%20zoznam%20host%C3%AD|target:_blank&#8221;][\/vc_column][\/vc_row][vc_row][vc_column][vc_column_text css=&#8221;&#8221;]<\/p>\n<h1>News &amp; Press Releases<\/h1>\n<p>[\/vc_column_text][vc_empty_space][vc_basic_grid post_type=&#8221;post&#8221; max_items=&#8221;-1&#8243; style=&#8221;load-more&#8221; items_per_page=&#8221;6&#8243; element_width=&#8221;2&#8243; item=&#8221;basicGrid_ScaleInWithRotation&#8221; css=&#8221;&#8221; btn_title=&#8221;Na\u010d\u00edta\u0165 \u010fal\u0161\u00edch 6 noviniek&#8221; btn_style=&#8221;modern&#8221; btn_color=&#8221;default&#8221; btn_align=&#8221;center&#8221; grid_id=&#8221;vc_gid:1776421476258-22bd46d0-725d-5&#8243; taxonomies=&#8221;174&#8243;][vc_separator style=&#8221;shadow&#8221; border_width=&#8221;3&#8243;][\/vc_column][\/vc_row][vc_row][vc_column][vc_column_text css=&#8221;&#8221;]<\/p>\n<h1 id=\"festivalove-denniky\">Festival Newspaper<\/h1>\n<p>[\/vc_column_text][\/vc_column][\/vc_row][vc_row][vc_column width=&#8221;1\/4&#8243;][vc_single_image image=&#8221;43254&#8243; img_size=&#8221;220&#215;300&#8243; alignment=&#8221;center&#8221; style=&#8221;vc_box_border&#8221; onclick=&#8221;custom_link&#8221; img_link_target=&#8221;_blank&#8221; css=&#8221;&#8221; link=&#8221;\/wp-content\/uploads\/2025\/07\/20_06_2025_IFFAF_noviny.pdf&#8221;][\/vc_column][vc_column width=&#8221;1\/4&#8243;][vc_single_image image=&#8221;43517&#8243; img_size=&#8221;220&#215;300&#8243; alignment=&#8221;center&#8221; style=&#8221;vc_box_border&#8221; onclick=&#8221;custom_link&#8221; img_link_target=&#8221;_blank&#8221; css=&#8221;&#8221; link=&#8221;\/wp-content\/uploads\/2025\/07\/22_06_2025_IFFAF_noviny.pdf&#8221;][\/vc_column][vc_column width=&#8221;1\/4&#8243;][vc_single_image image=&#8221;44468&#8243; img_size=&#8221;220&#215;300&#8243; alignment=&#8221;center&#8221; style=&#8221;vc_box_border&#8221; onclick=&#8221;custom_link&#8221; img_link_target=&#8221;_blank&#8221; css=&#8221;&#8221; link=&#8221;\/wp-content\/uploads\/2025\/07\/24_06_2025_IFFAF_noviny.pdf&#8221;][\/vc_column][vc_column width=&#8221;1\/4&#8243;][vc_single_image image=&#8221;45182&#8243; img_size=&#8221;220&#215;300&#8243; alignment=&#8221;center&#8221; style=&#8221;vc_box_border&#8221; onclick=&#8221;custom_link&#8221; img_link_target=&#8221;_blank&#8221; css=&#8221;&#8221; link=&#8221;\/wp-content\/uploads\/2025\/07\/27_06_2025_IFFAF_noviny.pdf&#8221;][\/vc_column][\/vc_row][vc_row][vc_column][vc_column_text css=&#8221;&#8221;]<\/p>\n<h1 id=\"festivalova-televizia\">Festival television<\/h1>\n<p>[\/vc_column_text][\/vc_column][\/vc_row][vc_row][vc_column][vc_column_text css=&#8221;&#8221;]<\/p>\n<h3>Press Conferences<\/h3>\n<p>[\/vc_column_text][\/vc_column][\/vc_row][vc_row][vc_column width=&#8221;1\/2&#8243;][vc_column_text css=&#8221;&#8221;]Hercova misia &#8211; Milan Ondr\u00edk<br \/>\nActor&#8217;s Mission Milan Ondr\u00edk[\/vc_column_text][vc_video link=&#8221;https:\/\/youtu.be\/hRFRHme5ELg&#8221; css=&#8221;&#8221;][\/vc_column][vc_column width=&#8221;1\/2&#8243;][vc_column_text css=&#8221;&#8221;]<\/p>\n<p>Tla\u010dov\u00e1 konferencia pred za\u010dat\u00edm 31. ro\u010dn\u00edka<br \/>\nPress Conference prior to 31. IFF Art Film<\/p>\n<p>[\/vc_column_text][vc_video link=&#8221;https:\/\/www.youtube.com\/live\/KULm6AvOwOg?feature=shared&#8221; css=&#8221;&#8221;][\/vc_column][\/vc_row][vc_row][vc_column][vc_column_text css=&#8221;&#8221;]<\/p>\n<h3>Interviews<\/h3>\n<p>[\/vc_column_text][\/vc_column][\/vc_row][vc_row][vc_column width=&#8221;1\/2&#8243;][vc_column_text css=&#8221;&#8221;]Hercova misia &#8211; Milan Ondr\u00edk<br \/>\nActor&#8217;s Mission[\/vc_column_text][vc_video link=&#8221;https:\/\/youtube.com\/live\/I4T75NGlBUI&#8221; css=&#8221;&#8221;][\/vc_column][vc_column width=&#8221;1\/2&#8243;][vc_column_text css=&#8221;&#8221;]Zlat\u00e1 kamera &#8211; Martin \u0160trba<br \/>\nGolden Camera &#8211; Martin \u0160trba[\/vc_column_text][vc_video link=&#8221;https:\/\/youtube.com\/live\/5MMrGc5jg9c?feature=share&#8221; css=&#8221;&#8221;][\/vc_column][\/vc_row][vc_row][vc_column width=&#8221;1\/2&#8243;][vc_column_text css=&#8221;&#8221;]Martin \u0160ul\u00edk a Marek Le\u0161\u010d\u00e1k<br \/>\nZ\u00e1hrada | The Garden[\/vc_column_text][vc_video link=&#8221;https:\/\/youtu.be\/R-PdXLt1wq0&#8243; css=&#8221;&#8221;][\/vc_column][vc_column width=&#8221;1\/2&#8243;][vc_column_text css=&#8221;&#8221;]Celeste Buckingham<br \/>\nSpev\u00e1\u010dka | Singer[\/vc_column_text][vc_video link=&#8221;https:\/\/youtu.be\/b-bYc7g5B1M?si=AZ62YMuort-3YNPr&#8221; css=&#8221;&#8221;][\/vc_column][\/vc_row][vc_row][vc_column width=&#8221;1\/3&#8243;][vc_column_text css=&#8221;&#8221;]Malik Berkati<br \/>\nPorota FIPRESCI | FIPRESCI Jury[\/vc_column_text][vc_video link=&#8221;https:\/\/youtu.be\/UP3MabhX0j0?si=w_FkQAbXvTuGqg94&#8243; css=&#8221;&#8221;][\/vc_column][vc_column width=&#8221;1\/3&#8243;][vc_column_text css=&#8221;&#8221;]M\u00e1ria Feren\u010duhov\u00e1<br \/>\nPorota FIPRESCI | FIPRESCI Jury[\/vc_column_text][vc_video link=&#8221;https:\/\/youtu.be\/PV5PyV-zPM0?si=U&#8211;6hEkTeAy_dTGD&#8221; css=&#8221;&#8221;][\/vc_column][vc_column width=&#8221;1\/3&#8243;][vc_column_text css=&#8221;&#8221;]Jonathan Murray<br \/>\nPorota FIPRESCI | FIPRESCI Jury[\/vc_column_text][vc_video link=&#8221;https:\/\/youtu.be\/xmDD7ZFKXuU?si=IQnIBCO_0c-_ciIE&#8221; css=&#8221;&#8221;][\/vc_column][\/vc_row][vc_row][vc_column width=&#8221;1\/3&#8243;][vc_column_text css=&#8221;&#8221;]Alexandre O. Phillipe<br \/>\nPorota Medzin\u00e1rodnej s\u00fa\u0165a\u017ee hran\u00fdch filmov | International Competition of Feature Films Jury[\/vc_column_text][vc_video link=&#8221;https:\/\/youtu.be\/FmxtqgLN8tg&#8221; css=&#8221;&#8221;][\/vc_column][vc_column width=&#8221;1\/3&#8243;][vc_column_text css=&#8221;&#8221;]Gl\u00f3ria Hal\u00e1sz<br \/>\nPorota Medzin\u00e1rodnej s\u00fa\u0165a\u017ee hran\u00fdch filmov | International Competition of Feature Films Jury[\/vc_column_text][vc_video link=&#8221;https:\/\/youtu.be\/R3V7qfPZqWI&#8221; css=&#8221;&#8221;][\/vc_column][vc_column width=&#8221;1\/3&#8243;][vc_column_text css=&#8221;&#8221;]Marko \u0160kop<br \/>\nPorota Medzin\u00e1rodnej s\u00fa\u0165a\u017ee hran\u00fdch filmov | International Competition of Feature Films Jury[\/vc_column_text][vc_video link=&#8221;https:\/\/youtu.be\/ps3jkrXk8dQ&#8221; css=&#8221;&#8221;][\/vc_column][\/vc_row][vc_row][vc_column width=&#8221;1\/3&#8243;][vc_column_text css=&#8221;&#8221;]Anders E. Larsson<br \/>\nPorota medzin\u00e1rodnej s\u00fa\u0165a\u017ee filmov strednej a v\u00fdchodnej Eur\u00f3py | Jury member of the International competition of films from the countries of Central and Eastern Europe[\/vc_column_text][vc_video link=&#8221;https:\/\/youtu.be\/BOdrwTD4_q0?si=BqqeQxzbDae8dbDD&#8221; css=&#8221;&#8221;][\/vc_column][vc_column width=&#8221;1\/3&#8243;][vc_column_text css=&#8221;&#8221;]Andr\u00e9 Rapha\u00ebl Ivanov<br \/>\nPorota medzin\u00e1rodnej s\u00fa\u0165a\u017ee filmov strednej a v\u00fdchodnej Eur\u00f3py | Jury member of the International competition of films from the countries of Central and Eastern Europe[\/vc_column_text][vc_video link=&#8221;https:\/\/youtu.be\/Db9Uc6qKIH0?si=_m3t2j-7iHRlkgQ6&#8243; css=&#8221;&#8221;][\/vc_column][vc_column width=&#8221;1\/3&#8243;][vc_column_text css=&#8221;&#8221;]Elena Rubashevska<br \/>\nPorota medzin\u00e1rodnej s\u00fa\u0165a\u017ee filmov strednej a v\u00fdchodnej Eur\u00f3py | Jury member of the International competition of films from the countries of Central and Eastern Europe[\/vc_column_text][vc_video link=&#8221;https:\/\/youtu.be\/6Ssft9XxDwA?si=EJ8QReZjAdxBQ9ul&#8221; css=&#8221;&#8221;][\/vc_column][\/vc_row][vc_row][vc_column width=&#8221;1\/3&#8243;][vc_column_text css=&#8221;&#8221;]Alica Bednarikova<br \/>\nPorota medzin\u00e1rodnej s\u00fa\u0165a\u017ee kr\u00e1tkych filmov | Jury member of the International Competition of Short Films[\/vc_column_text][vc_video link=&#8221;https:\/\/youtu.be\/ZKAJi-7ehAU?si=c6oaERrg3PHHjMxS&#8221; css=&#8221;&#8221;][\/vc_column][vc_column width=&#8221;1\/3&#8243;][vc_column_text css=&#8221;&#8221;]Timea Husz\u00e1r<br \/>\nPorota medzin\u00e1rodnej s\u00fa\u0165a\u017ee kr\u00e1tkych filmov | Jury member of the International Competition of Short Films[\/vc_column_text][vc_video link=&#8221;https:\/\/youtu.be\/DdSb96ahcWk?si=Xz9h-OQF49SblqYc&#8221; css=&#8221;&#8221;][\/vc_column][vc_column width=&#8221;1\/3&#8243;][vc_column_text css=&#8221;&#8221;]Zornitsa Dimitrova<br \/>\nPorota medzin\u00e1rodnej s\u00fa\u0165a\u017ee kr\u00e1tkych filmov | Jury member of the International Competition of Short Films[\/vc_column_text][vc_video link=&#8221;https:\/\/youtu.be\/81LYWFBNc9s?si=QnD-qw5LamQtQ1lQ&#8221; css=&#8221;&#8221;][\/vc_column][\/vc_row][vc_row][vc_column width=&#8221;1\/2&#8243;][vc_column_text css=&#8221;&#8221;]Hana Lasicov\u00e1<br \/>\nMi\u0161a v Ko\u0161iciach | Mi\u0161a in Ko\u0161ice[\/vc_column_text][vc_video link=&#8221;https:\/\/youtu.be\/l31frs4N3DI?si=mYuP68RFwQvkOezx&#8221; css=&#8221;&#8221;][\/vc_column][vc_column width=&#8221;1\/2&#8243;][vc_column_text css=&#8221;&#8221;]J\u00e1n Nov\u00e1k<br \/>\nMi\u0161a v Ko\u0161iciach | Mi\u0161a in Ko\u0161ice[\/vc_column_text][vc_video link=&#8221;https:\/\/youtu.be\/butz5cVLzj4?si=H6A2i6F9Lm6s1i_i&#8221; css=&#8221;&#8221;][\/vc_column][\/vc_row][vc_row][vc_column width=&#8221;1\/2&#8243;][vc_column_text css=&#8221;&#8221;]Zuzana Mistr\u00edkov\u00e1<br \/>\nProducentka | Producer[\/vc_column_text][vc_video link=&#8221;https:\/\/youtu.be\/4NJ0-_SWj9Y?si=0DkNDJYbVG899K8_&#8221; css=&#8221;&#8221;][\/vc_column][vc_column width=&#8221;1\/2&#8243;][vc_column_text css=&#8221;&#8221;]Rastislav Boro\u0161<br \/>\nKronika ve\u010dn\u00fdch sn\u00edlkov | Chronicle of Eternal Dreamers[\/vc_column_text][vc_video link=&#8221;https:\/\/youtu.be\/bGAUhbuWE4Q?si=dukxmMF-xMk9O-14&#8243; css=&#8221;&#8221;][\/vc_column][\/vc_row][vc_row][vc_column width=&#8221;1\/2&#8243;][vc_column_text css=&#8221;&#8221;]Marie-Camille Loutan<br \/>\nToubab | Toubab[\/vc_column_text][vc_video link=&#8221;https:\/\/youtu.be\/W8sNe1Ts2Wk?si=JpYyDR1zLJW_Z14h&#8221; css=&#8221;&#8221;][\/vc_column][vc_column width=&#8221;1\/2&#8243;][vc_column_text css=&#8221;&#8221;]Rebeka Bizubov\u00e1<br \/>\nSpove\u010f | Confession[\/vc_column_text][vc_video link=&#8221;https:\/\/youtu.be\/4y0A0-lDrbo?si=GhM0trzf6BM-FunD&#8221; css=&#8221;&#8221;][\/vc_column][\/vc_row][vc_row][vc_column width=&#8221;1\/2&#8243;][vc_column_text css=&#8221;&#8221;]\u013dubom\u00edr Slivka<br \/>\nCukrkandl | Sugar Candy[\/vc_column_text][vc_video link=&#8221;https:\/\/youtu.be\/1yk3RvWZFNA?si=VzdxThjGx6pZ_NuX&#8221; css=&#8221;&#8221;][\/vc_column][vc_column width=&#8221;1\/2&#8243;][vc_column_text css=&#8221;&#8221;]Dominik Kalivoda<br \/>\nVe\u013ek\u00e9 fin\u00e1le PSO | The Grand Finale of PSO[\/vc_column_text][vc_video link=&#8221;https:\/\/youtu.be\/9cCmmgKPqvc?si=5F3pU9i_UYvVHZzn&#8221; css=&#8221;&#8221;][\/vc_column][\/vc_row][vc_row][vc_column width=&#8221;1\/2&#8243;][vc_column_text css=&#8221;&#8221;]Jakub Kroner<br \/>\nTelev\u00edzna minis\u00e9ria MIKI | Television miniseries MIKI[\/vc_column_text][vc_video link=&#8221;https:\/\/youtu.be\/BnWi7xsVKNc?si=bSuQ6Ql_lii-JaD9&#8243; css=&#8221;&#8221;][\/vc_column][vc_column width=&#8221;1\/2&#8243;][vc_column_text css=&#8221;&#8221;]Marko \u0160kop<br \/>\nNech je svetlo | Let There Be Light[\/vc_column_text][vc_video link=&#8221;https:\/\/youtu.be\/IytG8cxJbFc?si=Ajv25gzGQNyh7Ph1&#8243; css=&#8221;&#8221;][\/vc_column][\/vc_row][vc_row][vc_column width=&#8221;1\/2&#8243;][vc_column_text css=&#8221;&#8221;]Lucia Kova\u013eov\u00e1<br \/>\nLetopis | Chronicle[\/vc_column_text][vc_video link=&#8221;https:\/\/youtu.be\/isurJ2la8_M?si=dY1Dx3Zv-WPn7bIE&#8221; css=&#8221;&#8221;][\/vc_column][vc_column width=&#8221;1\/2&#8243;][vc_column_text css=&#8221;&#8221;]Juraj \u010curn\u00fd<br \/>\nHovorca IFF ART FILM 2025 | Spokesperson of IFF ART FILM 2025[\/vc_column_text][vc_video link=&#8221;https:\/\/youtu.be\/JhetK_z1ayQ?si=psuYf6LIJTLi1EoY&#8221; css=&#8221;&#8221;][\/vc_column][\/vc_row][vc_row][vc_column width=&#8221;1\/2&#8243;][vc_column_text css=&#8221;&#8221;]Martin Koll\u00e1r<br \/>\nLetopis | Chronicle[\/vc_column_text][vc_video link=&#8221;https:\/\/youtu.be\/ocaNRQ3eLvQ?si=V9WPf8QlPBIYIh4s&#8221; css=&#8221;&#8221;][\/vc_column][vc_column width=&#8221;1\/2&#8243;][vc_column_text css=&#8221;&#8221;]Peter Poch<br \/>\nNie som zl\u00fd \u010dlovek | I&#8217;m Not a Bad Man[\/vc_column_text][vc_video link=&#8221;https:\/\/youtu.be\/r9PMheVFzs4?si=oXsphI7UdI17oFeZ&#8221; css=&#8221;&#8221;][\/vc_column][\/vc_row][vc_row][vc_column width=&#8221;1\/2&#8243;][vc_column_text css=&#8221;&#8221;]\u0160tef\u00e1nia Lovasov\u00e1<br \/>\nVenu\u0161a v retrogr\u00e1de | Venus in Retrograde[\/vc_column_text][vc_video link=&#8221;https:\/\/youtu.be\/W9eLAgEUjQI?si=2v8fPtJcUow61-az&#8221; css=&#8221;&#8221;][\/vc_column][vc_column width=&#8221;1\/2&#8243;][vc_column_text css=&#8221;&#8221;]Branislava Hronsk\u00e1<br \/>\nTV Jojko | TV Jojko[\/vc_column_text][vc_video link=&#8221;https:\/\/youtu.be\/CAgAiK9vEXQ?si=e1F7FpO_qD4e9PxT&#8221; css=&#8221;&#8221;][\/vc_column][\/vc_row][vc_row][vc_column width=&#8221;1\/2&#8243;][vc_column_text css=&#8221;&#8221;]Du\u0161an Tran\u010d\u00edk<br \/>\nAkcia Monaco | Operation Monaco[\/vc_column_text][vc_video link=&#8221;https:\/\/youtu.be\/IFrLf97wrAU?si=SoLDul8tUyaQVdS4&#8243; css=&#8221;&#8221;][\/vc_column][vc_column width=&#8221;1\/2&#8243;][vc_column_text css=&#8221;&#8221;]Alexandre O. Philippe<br \/>\nChain Reactions[\/vc_column_text][vc_video link=&#8221;https:\/\/youtu.be\/A9L6BbKKO6E?si=gMjtk51DByEyeFG2&#8243; css=&#8221;&#8221;][\/vc_column][\/vc_row][vc_row][vc_column width=&#8221;1\/2&#8243;][vc_column_text css=&#8221;&#8221;]Martin Ciel<br \/>\nAkcia Monaco | Operation Monaco[\/vc_column_text][vc_video link=&#8221;https:\/\/youtu.be\/hcSuMnt0w2Q?si=VR-lKoicQfD3ycyq&#8221; css=&#8221;&#8221;][\/vc_column][vc_column width=&#8221;1\/2&#8243;][vc_column_text css=&#8221;&#8221;]Pavel Ber\u010d\u00edk<br \/>\nTie\u0148 v\u00ed\u0165azstva | Shadow of Victory[\/vc_column_text][vc_video link=&#8221;https:\/\/youtu.be\/CJVP9iiJQmo?si=Gt-dck1imBxoF5j1&#8243; css=&#8221;&#8221;][\/vc_column][\/vc_row][vc_row][vc_column width=&#8221;1\/2&#8243;][vc_column_text css=&#8221;&#8221;]Peter Harum<br \/>\nAkcia Monaco | Operation Monaco[\/vc_column_text][vc_video link=&#8221;https:\/\/youtu.be\/quUtHO5l6h8?si=jCCX0Z7ZcZw1h_1p&#8221; css=&#8221;&#8221;][\/vc_column][vc_column width=&#8221;1\/2&#8243;][vc_column_text css=&#8221;&#8221;]B\u00e5rd Breien<br \/>\nTie\u0148 v\u00ed\u0165azstva | Shadow of Victory[\/vc_column_text][vc_video link=&#8221;https:\/\/youtu.be\/SU24oz4-E3Q?si=7AsBx7VfZOt5vrCb&#8221; css=&#8221;&#8221;][\/vc_column][\/vc_row][vc_row][vc_column width=&#8221;1\/2&#8243;][vc_column_text css=&#8221;&#8221;]Milan Kolc\u00fan<br \/>\nModer\u00e1tor talkshow Bez \u0161epk\u00e1ra | Host of the talk show Bez \u0161epk\u00e1ra[\/vc_column_text][vc_video link=&#8221;https:\/\/youtu.be\/yV1T-BSn2JE?si=u1ev453mxZvZ77XX&#8221; css=&#8221;&#8221;][\/vc_column][vc_column width=&#8221;1\/2&#8243;][vc_column_text css=&#8221;&#8221;]Eske Troelstrup<br \/>\nTie\u0148 v\u00ed\u0165azstva | Shadow of Victory[\/vc_column_text][vc_video link=&#8221;https:\/\/youtu.be\/f6mt5V6rt2Y?si=4a76ZPp99xaBiG-y&#8221; css=&#8221;&#8221;][\/vc_column][\/vc_row][vc_row][vc_column width=&#8221;1\/2&#8243;][vc_column_text css=&#8221;&#8221;]Tibor B\u00faza<br \/>\nNEPELA | NEPELA[\/vc_column_text][vc_video link=&#8221;https:\/\/youtu.be\/E-LUdFh_i88?si=eGTtjnN9DPp9rjnF&#8221; css=&#8221;&#8221;][\/vc_column][vc_column width=&#8221;1\/2&#8243;][vc_column_text css=&#8221;&#8221;]Milan Cyro\u0148 &amp; Tom\u00e1\u0161 Uher<br \/>\nLesja | Lesja[\/vc_column_text][vc_video link=&#8221;https:\/\/youtu.be\/NNXqJDtbmek?si=YmCoYdhhcuY2LPpg&#8221; css=&#8221;&#8221;][\/vc_column][\/vc_row][vc_row][vc_column width=&#8221;1\/2&#8243;][vc_column_text css=&#8221;&#8221;]100. v\u00fdro\u010die FIPRESCI | 100th anniversary of FIPRESCI<br \/>\nHostia | Guests: Anders E. Larsson, Elena Rubashevska, Malik Berkati, Jonathan Murray, M\u00e1ra Feren\u010duhov\u00e1[\/vc_column_text][vc_video link=&#8221;https:\/\/youtu.be\/umkAJVM8z_k?si=BZokdF48Il1Xp9qv&#8221; css=&#8221;&#8221;][\/vc_column][vc_column width=&#8221;1\/2&#8243;][vc_column_text css=&#8221;&#8221;]Krist\u00edna K\u00fade\u013eov\u00e1<br \/>\nFilmov\u00e1 novin\u00e1rka a \u010dlenka asoci\u00e1cie Golden Globes | Film journalist and member of the Golden Globes association[\/vc_column_text][vc_video link=&#8221;https:\/\/youtu.be\/bgcMsR5prQU?si=T_ixDbV1BL2_xd-Y&#8221; css=&#8221;&#8221;][\/vc_column][\/vc_row][vc_row][vc_column width=&#8221;1\/3&#8243;][vc_column_text css=&#8221;&#8221;]Rebeka Pol\u00e1kov\u00e1<br \/>\nPerla[\/vc_column_text][vc_video link=&#8221;https:\/\/youtu.be\/wNw6yFOBmtA?si=mXRaKg9lhAp0gv5S&#8221; css=&#8221;&#8221;][\/vc_column][vc_column width=&#8221;1\/3&#8243;][vc_column_text css=&#8221;&#8221;]Tom\u00e1\u0161 Krupa<br \/>\nPerla[\/vc_column_text][vc_video link=&#8221;https:\/\/youtu.be\/N-sm5JGdF9I?si=qnrAptodLq_fpzJc&#8221; css=&#8221;&#8221;][\/vc_column][vc_column width=&#8221;1\/3&#8243;][vc_column_text css=&#8221;&#8221;]No\u00ebl Czuczor<br \/>\nPerla[\/vc_column_text][vc_video link=&#8221;https:\/\/youtu.be\/cyeMKqYn9TM?si=9zlXI39WzHCwWwRv&#8221; css=&#8221;&#8221;][\/vc_column][\/vc_row][vc_row][vc_column width=&#8221;1\/2&#8243;][vc_column_text css=&#8221;&#8221;]Jakub \u010cervenka<br \/>\nNEPELA | NEPELA[\/vc_column_text][vc_video link=&#8221;https:\/\/youtu.be\/BLzYaUU7agY?si=oPiXQ5rSyaO5KHEm&#8221; css=&#8221;&#8221;][\/vc_column][vc_column width=&#8221;1\/2&#8243;][vc_column_text css=&#8221;&#8221;]Peter Pavl\u00edk<br \/>\nDVOiKA OUCE | SCHEEP TOO[\/vc_column_text][vc_video link=&#8221;https:\/\/youtu.be\/QPlxadwosmc?si=LcX4Ww8ntt69zeWC&#8221; css=&#8221;&#8221;][\/vc_column][\/vc_row][vc_row][vc_column width=&#8221;1\/2&#8243;][vc_column_text css=&#8221;&#8221;]Zhanna Ozirna<br \/>\nMedov\u00e9 t\u00fd\u017edne | Honeymoon[\/vc_column_text][vc_video link=&#8221;https:\/\/youtu.be\/a8pL8MQf0rc?si=DQ3zvOuD5Tk-8lYE&#8221; css=&#8221;&#8221;][\/vc_column][vc_column width=&#8221;1\/2&#8243;][vc_column_text css=&#8221;&#8221;]Rifat Erkek<br \/>\nN\u00e1hradn\u00e9 diev\u010da | Surrogate Girl[\/vc_column_text][vc_video link=&#8221;https:\/\/youtu.be\/T1ZX7_h22zQ?si=N5TNyRmJKmRrVZJ8&#8243; css=&#8221;&#8221;][\/vc_column][\/vc_row][vc_row][vc_column width=&#8221;1\/2&#8243;][vc_column_text css=&#8221;&#8221;]Maria Zb\u0105ska<br \/>\nToto nie je m\u00f4j film | It&#8217;s Not My Film[\/vc_column_text][vc_video link=&#8221;https:\/\/youtu.be\/fIkt5WxTa3k?si=BjSv-_EliukFLhY5&#8243; css=&#8221;&#8221;][\/vc_column][vc_column width=&#8221;1\/2&#8243;][vc_column_text css=&#8221;&#8221;]Martin Pal\u00fach<br \/>\nUmeleck\u00fd riadite\u013e IFF Art Film | Artistic director of IFF Art Film[\/vc_column_text][vc_video link=&#8221;https:\/\/youtu.be\/55sDEFxSnQw?si=p6DXvfu1isPH1gGt&#8221; css=&#8221;&#8221;][\/vc_column][\/vc_row][vc_row][vc_column width=&#8221;1\/2&#8243;][vc_column_text css=&#8221;&#8221;]Marek Va\u0148ous<br \/>\nJoe the First | Joe the First[\/vc_column_text][vc_video link=&#8221;https:\/\/youtu.be\/MTbXU-AJIjk?si=1T1pRnZONzXAXLxt&#8221; css=&#8221;&#8221;][\/vc_column][vc_column width=&#8221;1\/2&#8243;][vc_column_text css=&#8221;&#8221;]Branko Cap<br \/>\nJoe the First | Joe the First[\/vc_column_text][vc_video link=&#8221;https:\/\/youtu.be\/mamWrOdhEdY?si=zTPpVgdBfbBwuWR2&#8243; css=&#8221;&#8221;][\/vc_column][\/vc_row][vc_row][vc_column width=&#8221;1\/2&#8243;][vc_column_text css=&#8221;&#8221;]Wu Yixuan<br \/>\n\u010clenka deleg\u00e1cie \u010d\u00ednskych filmov | Chinese film delegation[\/vc_column_text][vc_video link=&#8221;https:\/\/youtu.be\/zkxpPZmdjN8?si=I5K1G5T8FHzTsMvD&#8221; css=&#8221;&#8221;][\/vc_column][vc_column width=&#8221;1\/2&#8243;][vc_column_text css=&#8221;&#8221;]Jiahao Guo<br \/>\n\u013dudia | People[\/vc_column_text][vc_video link=&#8221;https:\/\/youtu.be\/x_rIoUfyY5o?si=DqtC7psS1u2g3IkJ&#8221; css=&#8221;&#8221;][\/vc_column][\/vc_row][vc_row][vc_column width=&#8221;1\/2&#8243;][vc_column_text css=&#8221;&#8221;]Sylvia Husz\u00e1r<br \/>\nDivadeln\u00e1 teoreti\u010dka, prekladate\u013eka a mana\u017e\u00e9rka | Theatre theorist, translator, and manager[\/vc_column_text][vc_video link=&#8221;https:\/\/youtu.be\/7xXeLpTdUWg?si=RGhqa5a8_MhaUAEy&#8221; css=&#8221;&#8221;][\/vc_column][vc_column width=&#8221;1\/2&#8243;][vc_column_text css=&#8221;&#8221;]Peter Harum<br \/>\nAF INDUSTRY: UI v dokument\u00e1rnom filme | AF INDUSTRY: UI in a documentary film[\/vc_column_text][vc_video link=&#8221;https:\/\/youtu.be\/5sp7xdIplbY?si=U1iMQMkY2q_DSeMd&#8221; css=&#8221;&#8221;][\/vc_column][\/vc_row][vc_row][vc_column width=&#8221;1\/2&#8243;][vc_column_text css=&#8221;&#8221;]Martin Novosad<br \/>\nAF INDUSTRY: Mo\u017enosti koprodukci\u00ed zahrani\u010dn\u00fdch projektov v \u010ceskej telev\u00edzii | AF INDUSTRY: Opportunities for Co-Producing International Projects at Czech Television[\/vc_column_text][vc_video link=&#8221;https:\/\/youtu.be\/HuLao4Jgh7o?si=6n08wGjh3BHzaXxF&#8221; css=&#8221;&#8221;][\/vc_column][vc_column width=&#8221;1\/2&#8243;][vc_column_text css=&#8221;&#8221;]Thom Palmen<br \/>\nZostavovate\u013e sekcie Nov\u00e1 n\u00e1dej v s\u00fa\u010dasnej \u010d\u00ednskej kinematografii | Curator of the section New Hope in Contemporary Chinese Cinema[\/vc_column_text][vc_video link=&#8221;https:\/\/youtu.be\/n5z_5TEETFY?si=pOgfJZpYOdxC5FCc&#8221; css=&#8221;&#8221;][\/vc_column][\/vc_row][vc_row][vc_column width=&#8221;1\/2&#8243;][vc_column_text css=&#8221;&#8221;]Martin Polereck\u00fd<br \/>\nAF INDUSTRY: D\u00f4le\u017eitos\u0165 gradingu vo filme | AF INDUSTRY: The Importance of Grading in Film[\/vc_column_text][vc_video link=&#8221;https:\/\/youtu.be\/bCcwmUPgT3k?si=lYJzTmSVSJVP7JQf&#8221; css=&#8221;&#8221;][\/vc_column][vc_column width=&#8221;1\/2&#8243;][vc_column_text css=&#8221;&#8221;]Adri\u00e1n \u010carn\u00fd<br \/>\nAF INDUSTRY: Streaming | AF INDUSTRY: Streaming[\/vc_column_text][vc_video link=&#8221;https:\/\/youtu.be\/YLi82uf0m9k?si=juwvoj7X6kdOl4rO&#8221; css=&#8221;&#8221;][\/vc_column][\/vc_row][vc_row][vc_column][vc_column_text css=&#8221;&#8221;]<\/p>\n<h3>Festival Dailies<\/h3>\n<p>[\/vc_column_text][\/vc_column][\/vc_row][vc_row][vc_column width=&#8221;1\/4&#8243;][vc_column_text css=&#8221;&#8221;]<\/p>\n<p class=\"watch-title-container\"><span id=\"eow-title\" class=\"watch-title\" dir=\"ltr\" title=\"ART FILM FEST 2019 uv\u00e1dza re\u017eis\u00e9r Mikhail Idov\">IFF ART FILM 2025<br \/>\nday 1<\/span><\/p>\n<p>[\/vc_column_text][vc_video link=&#8221;https:\/\/youtu.be\/opDAvwtqM4k&#8221; css=&#8221;&#8221;][\/vc_column][vc_column width=&#8221;1\/4&#8243;][vc_column_text css=&#8221;&#8221;]<span id=\"eow-title\" class=\"watch-title\" dir=\"ltr\" title=\"ART FILM FEST 2019 uv\u00e1dza re\u017eis\u00e9r Mikhail Idov\">IFF ART FILM 2025<br \/>\nday 2<\/span>[\/vc_column_text][vc_video link=&#8221;https:\/\/youtu.be\/BENBXojlW8o&#8221; css=&#8221;&#8221;][\/vc_column][vc_column width=&#8221;1\/4&#8243;][vc_column_text css=&#8221;&#8221;]<span id=\"eow-title\" class=\"watch-title\" dir=\"ltr\" title=\"ART FILM FEST 2019 uv\u00e1dza re\u017eis\u00e9r Mikhail Idov\">IFF ART FILM 2025<br \/>\nday 3<\/span>[\/vc_column_text][vc_video link=&#8221;https:\/\/youtu.be\/-aBvvxDdfu8&#8243; css=&#8221;&#8221;][\/vc_column][vc_column width=&#8221;1\/4&#8243;][vc_column_text css=&#8221;&#8221;]<span id=\"eow-title\" class=\"watch-title\" dir=\"ltr\" title=\"ART FILM FEST 2019 uv\u00e1dza re\u017eis\u00e9r Mikhail Idov\">IFF ART FILM 2025<br \/>\nday 4<\/span>[\/vc_column_text][vc_video link=&#8221;https:\/\/youtu.be\/P7gH2Hn8Uek&#8221; css=&#8221;&#8221;][\/vc_column][\/vc_row][vc_row][vc_column width=&#8221;1\/3&#8243;][vc_column_text css=&#8221;&#8221;]<span id=\"eow-title\" class=\"watch-title\" dir=\"ltr\" title=\"ART FILM FEST 2019 uv\u00e1dza re\u017eis\u00e9r Mikhail Idov\">IFF ART FILM 2025<br \/>\nday 5<\/span>[\/vc_column_text][vc_video link=&#8221;https:\/\/youtu.be\/tPn-qifuKhM&#8221; css=&#8221;&#8221;][\/vc_column][vc_column width=&#8221;1\/3&#8243;][vc_column_text css=&#8221;&#8221;]<span id=\"eow-title\" class=\"watch-title\" dir=\"ltr\" title=\"ART FILM FEST 2019 uv\u00e1dza re\u017eis\u00e9r Mikhail Idov\">IFF ART FILM 2025<br \/>\nday 6<\/span>[\/vc_column_text][vc_video link=&#8221;https:\/\/youtu.be\/YOHk8cIT9B0&#8243; css=&#8221;&#8221;][\/vc_column][vc_column width=&#8221;1\/3&#8243;][vc_column_text css=&#8221;&#8221;]<span id=\"eow-title\" class=\"watch-title\" dir=\"ltr\" title=\"ART FILM FEST 2019 uv\u00e1dza re\u017eis\u00e9r Mikhail Idov\">IFF ART FILM 2025<br \/>\nday 7<\/span>[\/vc_column_text][vc_video link=&#8221;https:\/\/youtu.be\/ic8kIVQSE9Q&#8221; css=&#8221;&#8221;][\/vc_column][\/vc_row][vc_row][vc_column][vc_separator color=&#8221;white&#8221; border_width=&#8221;9&#8243; css=&#8221;&#8221;][\/vc_column][\/vc_row][vc_row][vc_column][vc_column_text css=&#8221;&#8221;]<a href=\"https:\/\/www.youtube.com\/user\/artfilmfest81\/videos\">More videos can be found on our YouTube channel&#8230;<\/a>[\/vc_column_text][\/vc_column][\/vc_row][vc_row][vc_column][vc_column_text css=&#8221;&#8221;]<\/p>\n<h1 id=\"porota\">Jury<\/h1>\n<p>[\/vc_column_text][\/vc_column][\/vc_row][vc_row][vc_column full_width=&#8221;&#8221; gap=&#8221;0&#8243; full_height=&#8221;&#8221; columns_placement=&#8221;middle&#8221; equal_height=&#8221;&#8221; rtl_reverse=&#8221;&#8221; content_placement=&#8221;&#8221; disable_element=&#8221;&#8221;][vc_column_text css=&#8221;&#8221;]<\/p>\n<h3>Jury of the International Competition of Feature Films<\/h3>\n<p>[\/vc_column_text][vc_empty_space]<div class=\"promo_box has_border\"><div class=\"promo_box_wrapper promo_box_left\"><div class=\"photo_wrapper\"><img loading=\"lazy\" decoding=\"async\" class=\"scale-with-grid\" src=\"https:\/\/iffartfilm.com\/wp-content\/uploads\/2026\/02\/PH-Gloria_Halasz_c_Tamas_Leko.jpg\" alt=\"PH-Gloria_Halasz_c_Tamas_Leko\" width=\"500\" height=\"500\"\/><\/div><div class=\"desc_wrapper\"><h2 class=\"title\">Gl\u00f3ria Hal\u00e1sz<\/h2><div class=\"desc\">Gl\u00f3ria Hal\u00e1sz has directed eight full-length documentaries \u2013 Iron Curtain (2011), Dr. Lala (2014), What a Circus! (2016), Rupa\u2019s Boutique (2017), Three Dances (2018), Alla Zingara (2019), Circus Siblings (2023) and Who Cares About Pal Frenak (2025) \u2013 which were featured and awarded at acknowledged film festivals, gained main prizes. She has developed and created various film projects on a wide variety of topics, including films about a jail theatre company, a clown doctor, women in India and their stories of survival after major acid attacks or a Hungarian circus artist class that spent a semester in Kyiv before the war. The relationship between fantasy and reality is a recurring theme in both her documentary and fiction works, exploring how imagination can be a handhold in a seemingly hopeless situation. She is currently preparing for her fictional feature film titled Puppetry.<\/div><\/div><\/div><\/div>\n[vc_empty_space]<div class=\"promo_box no_border\"><div class=\"promo_box_wrapper promo_box_left\"><div class=\"photo_wrapper\"><img loading=\"lazy\" decoding=\"async\" class=\"scale-with-grid\" src=\"https:\/\/iffartfilm.com\/wp-content\/uploads\/2026\/02\/PH-Alexandre_O_Philippe_c_Robert_Muratore.jpg\" alt=\"PH-Alexandre_O_Philippe_c_Robert_Muratore\" width=\"500\" height=\"500\"\/><\/div><div class=\"desc_wrapper\"><h2 class=\"title\">Alexandre O. Philippe<\/h2><div class=\"desc\">A 3-time Sundance Film Festival alum, Alexandre O. Philippe has developed his own brand of \u201ccinema essay,\u201d exploring the art of filmmaking and its practitioners. Most of his films take on the role of unpacking the most influential works of master filmmakers, and dissecting seminal screen moments. Selected past works include: You Can Call Me Bill (SXSW \u201823), Leap of Faith: William Friedkin on the Exorcist (Venice \u201919, Sundance \u201820), Memory: The Origins of Alien (Sundance \u201919), 78\/52: Hitchcock\u2019s Shower Scene (Sundance \u201917), Doc of the Dead (SXSW\u201914), and The People vs. George Lucas (SXSW \u201910). His latest film, Chain Reactions, won the prestigious Venice Classics Lion at the 2024 Venice International Film Festival. Lynch\/Oz &#8211; Alexandre\u2019s unique take on the art and cinema of David Lynch \u2013 premiered at the Tribeca Film Festival. He is currently working on two films with Hollywood icon Kim Novak.<\/div><\/div><\/div><\/div>\n[vc_empty_space]<div class=\"promo_box no_border\"><div class=\"promo_box_wrapper promo_box_left\"><div class=\"photo_wrapper\"><img loading=\"lazy\" decoding=\"async\" class=\"scale-with-grid\" src=\"https:\/\/iffartfilm.com\/wp-content\/uploads\/2026\/02\/PH-Marko_Skop_c_Miro_Nota.jpg\" alt=\"PH-Marko_Skop_c_Miro_Nota\" width=\"500\" height=\"500\"\/><\/div><div class=\"desc_wrapper\"><h2 class=\"title\">Marko \u0160kop<\/h2><div class=\"desc\">He graduated in journalism from the Faculty of Arts of Comenius University in Bratislava (1996) and in documentary film directing from the Academy of Performing Arts in Bratislava (2001). He received his PhD from the Faculty of Arts of Comenius University in Bratislava (2005). His feature debut, Other Worlds (2006), received a Special Jury Mention at the Karlovy Vary IFF and was the first documentary film at the festival to win the Audience Award. His documentary film Osadn\u00e9 (2009) was awarded Best Documentary at the Karlovy Vary IFF, and his feature debut Eva Nov\u00e1 (2015) won the FIPRESCI Prize at the 2015 Toronto IFF. His latest film, Let There Be Light, was awarded a Special Mention by the Ecumenical Jury at the Karlovy Vary IFF and earned Milan Ondr\u00edk the Best Actor Award. In addition to his own films, he has also worked as a producer or co-producer on Blind Love and Miracle (dir. Juraj Lehotsk\u00fd), New Life of a Family Album (dir. Adam O\u013eha), Ice Mother (dir. Bohdan Sl\u00e1ma), Little Crusader (dir. V\u00e1clav Kadrnka) and Dry Season (dir. Bohdan Sl\u00e1ma).<\/div><\/div><\/div><\/div>\n[\/vc_column][\/vc_row][vc_row][vc_column full_width=&#8221;&#8221; gap=&#8221;0&#8243; full_height=&#8221;&#8221; columns_placement=&#8221;middle&#8221; equal_height=&#8221;&#8221; rtl_reverse=&#8221;&#8221; content_placement=&#8221;&#8221; disable_element=&#8221;&#8221;][vc_column_text css=&#8221;&#8221;]<\/p>\n<h3>Jury of the International Competition of Short Films<\/h3>\n<p>[\/vc_column_text][vc_empty_space]<div class=\"promo_box has_border\"><div class=\"promo_box_wrapper promo_box_left\"><div class=\"photo_wrapper\"><img loading=\"lazy\" decoding=\"async\" class=\"scale-with-grid\" src=\"https:\/\/iffartfilm.com\/wp-content\/uploads\/2026\/02\/PK-Alica_Bednarikova.jpg\" alt=\"PK-Alica_Bednarikova\" width=\"500\" height=\"500\"\/><\/div><div class=\"desc_wrapper\"><h2 class=\"title\">Alica Bedn\u00e1rikov\u00e1<\/h2><div class=\"desc\">Alica Bedn\u00e1rikov\u00e1 is a Slovak film director. Her films Boredom (2020) and Liquid Bread (2021) have been screened at international festivals in Cannes, Karlovy Vary, Clermont-Ferrand, and others, and have received several awards, including a Special Mention in the short film competition at the Art Film Fest IFF in Ko\u0161ice. She is currently working on her graduation short film Attention Whores and her debut feature film.<\/div><\/div><\/div><\/div>\n[vc_empty_space]<div class=\"promo_box no_border\"><div class=\"promo_box_wrapper promo_box_left\"><div class=\"photo_wrapper\"><img loading=\"lazy\" decoding=\"async\" class=\"scale-with-grid\" src=\"https:\/\/iffartfilm.com\/wp-content\/uploads\/2026\/02\/PK-Zornitsa_Dimitrova.jpg\" alt=\"PK-Zornitsa_Dimitrova\" width=\"500\" height=\"500\"\/><\/div><div class=\"desc_wrapper\"><h2 class=\"title\">Zornitsa Dimitrova<\/h2><div class=\"desc\">Zornitsa is a Berlin-based director and a graduate of the Film Academy in Ludwigsburg, Baden-W\u00fcrttemberg. Her diploma short film, A Dark Moment of Faith, won multiple awards at prestigious festivals like D&amp;AD, the Young Director Award at Cannes Lions, 1.4 the Award Show, Shots Awards EMEA, Clio, and Berlin Commercial. Zornitsa\u2019s directing style blends precision with improvisation, focusing on strong, character-driven storytelling with a distinctive angle and a beautifully cinematic visual style. She has a special passion for telling stories about strong women. Her commercials, even in short formats, feel like feature films, leaving a lasting impression on the audience. If you look closely, you\u2019ll often find a hidden middle finger woven into the narrative. Her short film A Dark Moment of Faith was selected for the Competition at the Art Film Fest IFF in 2023.<\/div><\/div><\/div><\/div>\n[vc_empty_space]<div class=\"promo_box no_border\"><div class=\"promo_box_wrapper promo_box_left\"><div class=\"photo_wrapper\"><img loading=\"lazy\" decoding=\"async\" class=\"scale-with-grid\" src=\"https:\/\/iffartfilm.com\/wp-content\/uploads\/2026\/02\/PK-Timea_Huszar.jpg\" alt=\"PK-Timea_Huszar\" width=\"500\" height=\"500\"\/><\/div><div class=\"desc_wrapper\"><h2 class=\"title\">Timea Husz\u00e1r<\/h2><div class=\"desc\">Timea Husz\u00e1r is a producer involved with short films, documentaries and features. She started off working on international service productions as a personal assistant to producers on productions such as Halo, The Continental, Dune, Red Sparrow, Wonder Woman and has a 10-year experience in film production and service. She has graduated in 2015 from the National Film and Television School (NFTS) with a background in production management. Last year she has completed the European Co-production Legal and Financial aspects workshop at the Erich Pommer Institute. In 2023 she has service produced Vita Mia, an Italian feature film directed by Edoardo Winspeare in Transylvania, and been one of the producers on Enigmele Romanei for History Channel Romania. Currently she has both documentary and live action films in development.<\/div><\/div><\/div><\/div>\n[\/vc_column][\/vc_row][vc_row][vc_column full_width=&#8221;&#8221; gap=&#8221;0&#8243; full_height=&#8221;&#8221; columns_placement=&#8221;middle&#8221; equal_height=&#8221;&#8221; rtl_reverse=&#8221;&#8221; content_placement=&#8221;&#8221; disable_element=&#8221;&#8221;][vc_column_text css=&#8221;&#8221;]<\/p>\n<section class=\"text-token-text-primary w-full focus:outline-none [--shadow-height:45px] has-data-writing-block:pointer-events-none has-data-writing-block:-mt-(--shadow-height) has-data-writing-block:pt-(--shadow-height) [&amp;:has([data-writing-block])&gt;*]:pointer-events-auto scroll-mt-[calc(var(--header-height)+min(200px,max(70px,20svh)))]\" dir=\"auto\" data-turn-id=\"request-WEB:786685f6-cbcd-4ec2-8ff1-eb070e0c5273-15\" data-testid=\"conversation-turn-32\" data-scroll-anchor=\"true\" data-turn=\"assistant\">\n<div class=\"text-base my-auto mx-auto pb-10 [--thread-content-margin:var(--thread-content-margin-xs,calc(var(--spacing)*4))] @w-sm\/main:[--thread-content-margin:var(--thread-content-margin-sm,calc(var(--spacing)*6))] @w-lg\/main:[--thread-content-margin:var(--thread-content-margin-lg,calc(var(--spacing)*16))] px-(--thread-content-margin)\">\n<div class=\"[--thread-content-max-width:40rem] @w-lg\/main:[--thread-content-max-width:48rem] mx-auto max-w-(--thread-content-max-width) flex-1 group\/turn-messages focus-visible:outline-hidden relative flex w-full min-w-0 flex-col agent-turn\">\n<div class=\"flex max-w-full flex-col gap-4 grow\">\n<div class=\"min-h-8 text-message relative flex w-full flex-col items-end gap-2 text-start break-words whitespace-normal outline-none keyboard-focused:focus-ring [.text-message+&amp;]:mt-1\" dir=\"auto\" tabindex=\"0\" data-message-author-role=\"assistant\" data-message-id=\"67725bac-723b-420a-a47f-1393c5ab2e08\" data-message-model-slug=\"gpt-5-3\" data-turn-start-message=\"true\">\n<div class=\"flex w-full flex-col gap-1 empty:hidden\">\n<div class=\"markdown prose dark:prose-invert w-full wrap-break-word light markdown-new-styling\">\n<h3 data-start=\"0\" data-end=\"82\"><strong data-start=\"0\" data-end=\"82\" data-is-last-node=\"\" data-is-only-node=\"\">Jury of the International Competition of Films from Central and Eastern Europe<\/strong><\/h3>\n<\/div>\n<\/div>\n<\/div>\n<\/div>\n<\/div>\n<\/div>\n<\/section>\n<p>[\/vc_column_text][vc_empty_space]<div class=\"promo_box has_border\"><div class=\"promo_box_wrapper promo_box_left\"><div class=\"photo_wrapper\"><img loading=\"lazy\" decoding=\"async\" class=\"scale-with-grid\" src=\"https:\/\/iffartfilm.com\/wp-content\/uploads\/2026\/02\/PE-Andre_Raphael_Ivanov.jpg\" alt=\"PE-Andre_Raphael_Ivanov\" width=\"500\" height=\"500\"\/><\/div><div class=\"desc_wrapper\"><h2 class=\"title\">Andr\u00e9 Rapha\u00ebl Ivanov<\/h2><div class=\"desc\">Andr\u00e9 Rapha\u00ebl Ivanov is a producer and international talent agent with significant experience in the fields of cinema and the audiovisual arts. His career has involved professional collaborations with recognized artists such as Kevin Spacey, Ralph Fiennes, Juliette Binoche, Samy Naceri, and Samal Yeslyamova. As the founder and artistic director of the Kazakh Film Festival in Paris and a member of the Network for the Promotion of Asian Cinema (NETPAC), Mr. Ivanov is dedicated to advancing cinema as a medium for cultural exchange and mutual understanding. In addition to his work in production and talent representation, Mr. Ivanov advises on programming for international festivals and has served on juries at numerous film events, including the Venice IFF, where he has contributed to recognizing films of artistic and cultural significance.<\/div><\/div><\/div><\/div>\n[vc_empty_space]<div class=\"promo_box no_border\"><div class=\"promo_box_wrapper promo_box_left\"><div class=\"photo_wrapper\"><img loading=\"lazy\" decoding=\"async\" class=\"scale-with-grid\" src=\"https:\/\/iffartfilm.com\/wp-content\/uploads\/2026\/02\/PE-Andres_E_Larsson_c_Irene_Stenfors.jpg\" alt=\"PE-Andres_E_Larsson_c_Irene_Stenfors\" width=\"500\" height=\"500\"\/><\/div><div class=\"desc_wrapper\"><h2 class=\"title\">Anders E Larsson<\/h2><div class=\"desc\">Anders E Larsson is a Swedish film and stage critic, writer, musician and poet. He is the editor of Kontradiktion.fi, a magazine for digital and experimental poetry, and he contributes to the film magazines Point of View and FLM. Previously, he served as a culture editor for various newspapers. He is the former director of the oldest Swedish genre film festival, Lund Fantastic Film Festival, and last year he was in charge of the festival magazine at Stockholm Film Festival. He composed the score for the Guldbagge-awarded feature film Garden Lane and is now writing music for the documentary Fossil, Fire, Footprints. He is the singer\/songwriter in indie rock trio Slowmotion Club and solo project The Sad Highway. As an actor, he has worked in film, theatre and musicals. Over the years, he has served on a number of FIPRESCI\u2019s festival juries.<\/div><\/div><\/div><\/div>\n[vc_empty_space]<div class=\"promo_box no_border\"><div class=\"promo_box_wrapper promo_box_left\"><div class=\"photo_wrapper\"><img loading=\"lazy\" decoding=\"async\" class=\"scale-with-grid\" src=\"https:\/\/iffartfilm.com\/wp-content\/uploads\/2026\/02\/PE-Elena_Rubashevska.jpg\" alt=\"PE-Elena_Rubashevska\" width=\"500\" height=\"500\"\/><\/div><div class=\"desc_wrapper\"><h2 class=\"title\">Elena Rubashevska<\/h2><div class=\"desc\">Film critic, writer, and festival programmer, FIPRESCI vice president and communication officer. Member of the Golden Globes, The Critics Award for Arab Films Commission, and Ukrainian Film Critics\u2019 Award voting committees. Former advisor for the Ukrainian Book Institute. Mentor of Her Story, Her Future programme for female filmmakers. Over the years, she collaborated with OKO International Ethnographic Film Festival (Ukraine\/Bulgaria), EnergaCAMERIMAGE International Film Festival of the Art of Cinematography (Poland), and G\u00f6teborg Film Festival (Sweden). Author of a book about Ukrainian Poetic Cinema and research of Czechoslovak films. Her particular area of interest lies in the field of documentary cinema with a strong visual component, as well as regional author cinema.<\/div><\/div><\/div><\/div>\n[\/vc_column][\/vc_row][vc_row][vc_column full_width=&#8221;&#8221; gap=&#8221;0&#8243; full_height=&#8221;&#8221; columns_placement=&#8221;middle&#8221; equal_height=&#8221;&#8221; rtl_reverse=&#8221;&#8221; content_placement=&#8221;&#8221; disable_element=&#8221;&#8221;][vc_column_text css=&#8221;&#8221;]<\/p>\n<h3><span class=\"hover:entity-accent entity-underline inline cursor-pointer align-baseline\"><span class=\"whitespace-normal\">FIPRESCI<\/span><\/span> Jury<\/h3>\n<p>[\/vc_column_text][vc_empty_space]<div class=\"promo_box has_border\"><div class=\"promo_box_wrapper promo_box_left\"><div class=\"photo_wrapper\"><img loading=\"lazy\" decoding=\"async\" class=\"scale-with-grid\" src=\"https:\/\/iffartfilm.com\/wp-content\/uploads\/2026\/02\/PF-Malik_Berkati.jpg\" alt=\"PF-Malik_Berkati\" width=\"500\" height=\"500\"\/><\/div><div class=\"desc_wrapper\"><h2 class=\"title\">Malik Berkati<\/h2><div class=\"desc\">Malik Berkati is a Swiss journalist, film critic and political scientist, based in Berlin, Germany. He has worked for several years at festivals in Western Switzerland (PR and program adviser). He is the co-founder and editor-in-chief of an international multilingual online magazine focusing on culture and civic awareness (j:mag), and a correspondent in Berlin for various newspapers and magazines from the French-speaking part of Switzerland. He has served on numerous international juries in Europe and Asia for FIPRESCI, as well as on the German Film Critics (VdFK) juries for Best German Documentary (2017, 2022 and 2023), Best German Short Film (2019\u20132021), and since 2020 Jury Member of The Critics Award for Arab Films of the Arab Cinema Center (ACC). He is also member of the Swiss Association of Film Journalists and the European Film Academy.<\/div><\/div><\/div><\/div>\n[vc_empty_space]<div class=\"promo_box no_border\"><div class=\"promo_box_wrapper promo_box_left\"><div class=\"photo_wrapper\"><img loading=\"lazy\" decoding=\"async\" class=\"scale-with-grid\" src=\"https:\/\/iffartfilm.com\/wp-content\/uploads\/2026\/02\/PF-Maria_Ferencuhova_c_Dirk_Skiba.jpg\" alt=\"PF-Maria_Ferencuhova_c_Dirk_Skiba\" width=\"500\" height=\"500\"\/><\/div><div class=\"desc_wrapper\"><h2 class=\"title\">M\u00e1ria Feren\u010duhov\u00e1<\/h2><div class=\"desc\">M\u00e1ria Feren\u010duhov\u00e1 is a Slovak poet, translator, film theorist, and dramaturge. She is the author of five poetry books, the most acclaimed of which, Imunita, has been translated into French, Ukrainian, Slovenian, and Serbian. Selections from her poetry have been published in the United Kingdom, Spain, and Germany. She is also the author and editor of three monographs on film: Odlo\u017een\u00fd \u010das. Filmov\u00e9 pramene, historiografia, dokument\u00e1rny film (2009), Dokument\u00e1rny film v krajin\u00e1ch V4 (2014) and Nov\u00fd slovensk\u00fd film (2015, with K. Mi\u0161\u00edkov\u00e1). She specializes primarily in Slovak auteur documentary film and film essays. From 2003 to 2018, she worked at the Film and Television Faculty of the Academy of Performing Arts (V\u0160MU). Between 2020 and 2024, she was an editor for the monthly film magazine Film.sk. Today, she works as a research fellow at the Slovak Film Institute and lectures on documentary film dramaturgy at the Academy of Arts in Bansk\u00e1 Bystrica.<\/div><\/div><\/div><\/div>\n[vc_empty_space]<div class=\"promo_box no_border\"><div class=\"promo_box_wrapper promo_box_left\"><div class=\"photo_wrapper\"><img loading=\"lazy\" decoding=\"async\" class=\"scale-with-grid\" src=\"https:\/\/iffartfilm.com\/wp-content\/uploads\/2026\/02\/PF-Jonathan_Murray.jpg\" alt=\"PF-Jonathan_Murray\" width=\"500\" height=\"500\"\/><\/div><div class=\"desc_wrapper\"><h2 class=\"title\">Jonathan Murray<\/h2><div class=\"desc\">Jonathan Murray is Professor of Film Theory, History and Criticism at the University of Edinburgh, and a Contributing Writer for Cineaste magazine and co-Principal Editor of the Journal of British Cinema and Television. He is the author of The New Scottish Cinema (2015) and Discomfort and Joy: The Cinema of Bill Forsyth (2011) and co-editor of several scholarly anthologies, including (with Nea Ehrlich) Drawn from Life: Issues and Themes in Animated Documentary Cinema (2019).<\/div><\/div><\/div><\/div>\n[\/vc_column][\/vc_row]<\/p>\n<\/div>","protected":false},"excerpt":{"rendered":"<p>[vc_row][vc_column][vc_column_text css=&#8221;&#8221;] 31st edition with a newly introduced award [\/vc_column_text][vc_empty_space][vc_column_text","protected":false},"author":2,"featured_media":47286,"parent":4549,"menu_order":51,"comment_status":"closed","ping_status":"closed","template":"","meta":{"_acf_changed":false,"footnotes":""},"class_list":["post-47980","page","type-page","status-publish","has-post-thumbnail","hentry"],"acf":[],"yoast_head":"<!-- This site is optimized with the Yoast SEO Premium plugin v27.2 (Yoast SEO v27.5) - https:\/\/yoast.com\/product\/yoast-seo-premium-wordpress\/ -->\n<title>31st Edition (2025) &#8226; IFF ART FILM<\/title>\n<meta name=\"robots\" content=\"index, follow, max-snippet:-1, max-image-preview:large, max-video-preview:-1\" \/>\n<link rel=\"canonical\" href=\"https:\/\/iffartfilm.com\/en\/festival\/previous-editions\/edition-2025\/\" \/>\n<meta property=\"og:locale\" content=\"en_US\" \/>\n<meta property=\"og:type\" content=\"article\" \/>\n<meta property=\"og:title\" content=\"31st Edition (2025)\" \/>\n<meta property=\"og:description\" content=\"31st edition with a newly introduced award City of Kosice \/ 20. \u2013 27. june 2025 \/ 8 days \/ 17 sections \/ 58 countries \/ 135 films \/ 169 projections \/ 22\" \/>\n<meta property=\"og:url\" content=\"https:\/\/iffartfilm.com\/en\/festival\/previous-editions\/edition-2025\/\" \/>\n<meta property=\"og:site_name\" content=\"IFF ART FILM\" \/>\n<meta property=\"article:publisher\" content=\"https:\/\/www.facebook.com\/IFFArtFilmKosice\" \/>\n<meta property=\"article:modified_time\" content=\"2026-04-17T10:38:45+00:00\" \/>\n<meta property=\"og:image\" content=\"https:\/\/iffartfilm.com\/wp-content\/uploads\/2025\/10\/2025-archiv.jpg\" \/>\n\t<meta property=\"og:image:width\" content=\"987\" \/>\n\t<meta property=\"og:image:height\" content=\"627\" \/>\n\t<meta property=\"og:image:type\" content=\"image\/jpeg\" \/>\n<meta name=\"twitter:card\" content=\"summary_large_image\" \/>\n<meta name=\"twitter:site\" content=\"@ArtFilmFestSVK\" \/>\n<meta name=\"twitter:label1\" content=\"Est. reading time\" \/>\n\t<meta name=\"twitter:data1\" content=\"354 minutes\" \/>\n<script type=\"application\/ld+json\" class=\"yoast-schema-graph\">{\"@context\":\"https:\\\/\\\/schema.org\",\"@graph\":[{\"@type\":\"WebPage\",\"@id\":\"https:\\\/\\\/iffartfilm.com\\\/en\\\/festival\\\/previous-editions\\\/edition-2025\\\/\",\"url\":\"https:\\\/\\\/iffartfilm.com\\\/en\\\/festival\\\/previous-editions\\\/edition-2025\\\/\",\"name\":\"31st Edition (2025) &#8226; IFF ART FILM\",\"isPartOf\":{\"@id\":\"https:\\\/\\\/iffartfilm.com\\\/en\\\/#website\"},\"primaryImageOfPage\":{\"@id\":\"https:\\\/\\\/iffartfilm.com\\\/en\\\/festival\\\/previous-editions\\\/edition-2025\\\/#primaryimage\"},\"image\":{\"@id\":\"https:\\\/\\\/iffartfilm.com\\\/en\\\/festival\\\/previous-editions\\\/edition-2025\\\/#primaryimage\"},\"thumbnailUrl\":\"https:\\\/\\\/iffartfilm.com\\\/wp-content\\\/uploads\\\/2025\\\/10\\\/2025-archiv.jpg\",\"datePublished\":\"2026-03-26T21:54:45+00:00\",\"dateModified\":\"2026-04-17T10:38:45+00:00\",\"breadcrumb\":{\"@id\":\"https:\\\/\\\/iffartfilm.com\\\/en\\\/festival\\\/previous-editions\\\/edition-2025\\\/#breadcrumb\"},\"inLanguage\":\"en-US\",\"potentialAction\":[{\"@type\":\"ReadAction\",\"target\":[\"https:\\\/\\\/iffartfilm.com\\\/en\\\/festival\\\/previous-editions\\\/edition-2025\\\/\"]}]},{\"@type\":\"ImageObject\",\"inLanguage\":\"en-US\",\"@id\":\"https:\\\/\\\/iffartfilm.com\\\/en\\\/festival\\\/previous-editions\\\/edition-2025\\\/#primaryimage\",\"url\":\"https:\\\/\\\/iffartfilm.com\\\/wp-content\\\/uploads\\\/2025\\\/10\\\/2025-archiv.jpg\",\"contentUrl\":\"https:\\\/\\\/iffartfilm.com\\\/wp-content\\\/uploads\\\/2025\\\/10\\\/2025-archiv.jpg\",\"width\":987,\"height\":627},{\"@type\":\"BreadcrumbList\",\"@id\":\"https:\\\/\\\/iffartfilm.com\\\/en\\\/festival\\\/previous-editions\\\/edition-2025\\\/#breadcrumb\",\"itemListElement\":[{\"@type\":\"ListItem\",\"position\":1,\"name\":\"Dom\u00e1ca str\u00e1nka\",\"item\":\"https:\\\/\\\/iffartfilm.com\\\/en\\\/\"},{\"@type\":\"ListItem\",\"position\":2,\"name\":\"Festival\",\"item\":\"https:\\\/\\\/iffartfilm.com\\\/en\\\/festival\\\/\"},{\"@type\":\"ListItem\",\"position\":3,\"name\":\"Previous Editions\",\"item\":\"https:\\\/\\\/iffartfilm.com\\\/en\\\/festival\\\/previous-editions\\\/\"},{\"@type\":\"ListItem\",\"position\":4,\"name\":\"31st Edition (2025)\"}]},{\"@type\":\"WebSite\",\"@id\":\"https:\\\/\\\/iffartfilm.com\\\/en\\\/#website\",\"url\":\"https:\\\/\\\/iffartfilm.com\\\/en\\\/\",\"name\":\"IFF ART FILM\",\"description\":\"Medzin\u00e1rodn\u00fd filmov\u00fd festival\",\"publisher\":{\"@id\":\"https:\\\/\\\/iffartfilm.com\\\/en\\\/#organization\"},\"alternateName\":\"Art Film\",\"potentialAction\":[{\"@type\":\"SearchAction\",\"target\":{\"@type\":\"EntryPoint\",\"urlTemplate\":\"https:\\\/\\\/iffartfilm.com\\\/en\\\/?s={search_term_string}\"},\"query-input\":{\"@type\":\"PropertyValueSpecification\",\"valueRequired\":true,\"valueName\":\"search_term_string\"}}],\"inLanguage\":\"en-US\"},{\"@type\":\"Organization\",\"@id\":\"https:\\\/\\\/iffartfilm.com\\\/en\\\/#organization\",\"name\":\"ART FILM FEST, s.r.o.\",\"url\":\"https:\\\/\\\/iffartfilm.com\\\/en\\\/\",\"logo\":{\"@type\":\"ImageObject\",\"inLanguage\":\"en-US\",\"@id\":\"https:\\\/\\\/iffartfilm.com\\\/en\\\/#\\\/schema\\\/logo\\\/image\\\/\",\"url\":\"https:\\\/\\\/iffartfilm.com\\\/wp-content\\\/uploads\\\/2024\\\/11\\\/aff-cinepass-2025.png\",\"contentUrl\":\"https:\\\/\\\/iffartfilm.com\\\/wp-content\\\/uploads\\\/2024\\\/11\\\/aff-cinepass-2025.png\",\"width\":486,\"height\":215,\"caption\":\"ART FILM FEST, s.r.o.\"},\"image\":{\"@id\":\"https:\\\/\\\/iffartfilm.com\\\/en\\\/#\\\/schema\\\/logo\\\/image\\\/\"},\"sameAs\":[\"https:\\\/\\\/www.facebook.com\\\/IFFArtFilmKosice\",\"https:\\\/\\\/x.com\\\/ArtFilmFestSVK\",\"https:\\\/\\\/www.instagram.com\\\/iffartfilmkosice\\\/\",\"https:\\\/\\\/www.youtube.com\\\/user\\\/artfilmfest81\\\/\",\"https:\\\/\\\/www.linkedin.com\\\/company\\\/international-film-festival-art-film\"]}]}<\/script>\n<!-- \/ Yoast SEO Premium plugin. -->","yoast_head_json":{"title":"31st Edition (2025) &#8226; IFF ART FILM","robots":{"index":"index","follow":"follow","max-snippet":"max-snippet:-1","max-image-preview":"max-image-preview:large","max-video-preview":"max-video-preview:-1"},"canonical":"https:\/\/iffartfilm.com\/en\/festival\/previous-editions\/edition-2025\/","og_locale":"en_US","og_type":"article","og_title":"31st Edition (2025)","og_description":"31st edition with a newly introduced award City of Kosice \/ 20. \u2013 27. june 2025 \/ 8 days \/ 17 sections \/ 58 countries \/ 135 films \/ 169 projections \/ 22","og_url":"https:\/\/iffartfilm.com\/en\/festival\/previous-editions\/edition-2025\/","og_site_name":"IFF ART FILM","article_publisher":"https:\/\/www.facebook.com\/IFFArtFilmKosice","article_modified_time":"2026-04-17T10:38:45+00:00","og_image":[{"width":987,"height":627,"url":"https:\/\/iffartfilm.com\/wp-content\/uploads\/2025\/10\/2025-archiv.jpg","type":"image\/jpeg"}],"twitter_card":"summary_large_image","twitter_site":"@ArtFilmFestSVK","twitter_misc":{"Est. reading time":"354 minutes"},"schema":{"@context":"https:\/\/schema.org","@graph":[{"@type":"WebPage","@id":"https:\/\/iffartfilm.com\/en\/festival\/previous-editions\/edition-2025\/","url":"https:\/\/iffartfilm.com\/en\/festival\/previous-editions\/edition-2025\/","name":"31st Edition (2025) &#8226; IFF ART FILM","isPartOf":{"@id":"https:\/\/iffartfilm.com\/en\/#website"},"primaryImageOfPage":{"@id":"https:\/\/iffartfilm.com\/en\/festival\/previous-editions\/edition-2025\/#primaryimage"},"image":{"@id":"https:\/\/iffartfilm.com\/en\/festival\/previous-editions\/edition-2025\/#primaryimage"},"thumbnailUrl":"https:\/\/iffartfilm.com\/wp-content\/uploads\/2025\/10\/2025-archiv.jpg","datePublished":"2026-03-26T21:54:45+00:00","dateModified":"2026-04-17T10:38:45+00:00","breadcrumb":{"@id":"https:\/\/iffartfilm.com\/en\/festival\/previous-editions\/edition-2025\/#breadcrumb"},"inLanguage":"en-US","potentialAction":[{"@type":"ReadAction","target":["https:\/\/iffartfilm.com\/en\/festival\/previous-editions\/edition-2025\/"]}]},{"@type":"ImageObject","inLanguage":"en-US","@id":"https:\/\/iffartfilm.com\/en\/festival\/previous-editions\/edition-2025\/#primaryimage","url":"https:\/\/iffartfilm.com\/wp-content\/uploads\/2025\/10\/2025-archiv.jpg","contentUrl":"https:\/\/iffartfilm.com\/wp-content\/uploads\/2025\/10\/2025-archiv.jpg","width":987,"height":627},{"@type":"BreadcrumbList","@id":"https:\/\/iffartfilm.com\/en\/festival\/previous-editions\/edition-2025\/#breadcrumb","itemListElement":[{"@type":"ListItem","position":1,"name":"Dom\u00e1ca str\u00e1nka","item":"https:\/\/iffartfilm.com\/en\/"},{"@type":"ListItem","position":2,"name":"Festival","item":"https:\/\/iffartfilm.com\/en\/festival\/"},{"@type":"ListItem","position":3,"name":"Previous Editions","item":"https:\/\/iffartfilm.com\/en\/festival\/previous-editions\/"},{"@type":"ListItem","position":4,"name":"31st Edition (2025)"}]},{"@type":"WebSite","@id":"https:\/\/iffartfilm.com\/en\/#website","url":"https:\/\/iffartfilm.com\/en\/","name":"IFF ART FILM","description":"Medzin\u00e1rodn\u00fd filmov\u00fd festival","publisher":{"@id":"https:\/\/iffartfilm.com\/en\/#organization"},"alternateName":"Art Film","potentialAction":[{"@type":"SearchAction","target":{"@type":"EntryPoint","urlTemplate":"https:\/\/iffartfilm.com\/en\/?s={search_term_string}"},"query-input":{"@type":"PropertyValueSpecification","valueRequired":true,"valueName":"search_term_string"}}],"inLanguage":"en-US"},{"@type":"Organization","@id":"https:\/\/iffartfilm.com\/en\/#organization","name":"ART FILM FEST, s.r.o.","url":"https:\/\/iffartfilm.com\/en\/","logo":{"@type":"ImageObject","inLanguage":"en-US","@id":"https:\/\/iffartfilm.com\/en\/#\/schema\/logo\/image\/","url":"https:\/\/iffartfilm.com\/wp-content\/uploads\/2024\/11\/aff-cinepass-2025.png","contentUrl":"https:\/\/iffartfilm.com\/wp-content\/uploads\/2024\/11\/aff-cinepass-2025.png","width":486,"height":215,"caption":"ART FILM FEST, s.r.o."},"image":{"@id":"https:\/\/iffartfilm.com\/en\/#\/schema\/logo\/image\/"},"sameAs":["https:\/\/www.facebook.com\/IFFArtFilmKosice","https:\/\/x.com\/ArtFilmFestSVK","https:\/\/www.instagram.com\/iffartfilmkosice\/","https:\/\/www.youtube.com\/user\/artfilmfest81\/","https:\/\/www.linkedin.com\/company\/international-film-festival-art-film"]}]}},"_links":{"self":[{"href":"https:\/\/iffartfilm.com\/en\/wp-json\/wp\/v2\/pages\/47980","targetHints":{"allow":["GET"]}}],"collection":[{"href":"https:\/\/iffartfilm.com\/en\/wp-json\/wp\/v2\/pages"}],"about":[{"href":"https:\/\/iffartfilm.com\/en\/wp-json\/wp\/v2\/types\/page"}],"author":[{"embeddable":true,"href":"https:\/\/iffartfilm.com\/en\/wp-json\/wp\/v2\/users\/2"}],"replies":[{"embeddable":true,"href":"https:\/\/iffartfilm.com\/en\/wp-json\/wp\/v2\/comments?post=47980"}],"version-history":[{"count":1,"href":"https:\/\/iffartfilm.com\/en\/wp-json\/wp\/v2\/pages\/47980\/revisions"}],"predecessor-version":[{"id":48079,"href":"https:\/\/iffartfilm.com\/en\/wp-json\/wp\/v2\/pages\/47980\/revisions\/48079"}],"up":[{"embeddable":true,"href":"https:\/\/iffartfilm.com\/en\/wp-json\/wp\/v2\/pages\/4549"}],"wp:featuredmedia":[{"embeddable":true,"href":"https:\/\/iffartfilm.com\/en\/wp-json\/wp\/v2\/media\/47286"}],"wp:attachment":[{"href":"https:\/\/iffartfilm.com\/en\/wp-json\/wp\/v2\/media?parent=47980"}],"curies":[{"name":"wp","href":"https:\/\/api.w.org\/{rel}","templated":true}]}}